{"id":303,"date":"2018-11-07T17:18:51","date_gmt":"2018-11-07T17:18:51","guid":{"rendered":"https:\/\/the7.io\/g-business\/?page_id=303"},"modified":"2024-01-10T16:11:15","modified_gmt":"2024-01-10T15:11:15","slug":"noticias","status":"publish","type":"page","link":"https:\/\/ssr.upm.es\/en\/noticias\/","title":{"rendered":"Blog"},"content":{"rendered":"<div class=\"vc_row wpb_row vc_row-fluid\"><div class=\"wpb_column vc_column_container vc_col-sm-12\"><div class=\"vc_column-inner\"><div class=\"wpb_wrapper\"><div class=\"vc_empty_space\"   style=\"height: 32px\"><span class=\"vc_empty_space_inner\"><\/span><\/div><style type=\"text\/css\" data-type=\"the7_shortcodes-inline-css\">.blog-shortcode.blog-masonry-shortcode-id-e63d0ff4a5f84d450f4a4d202eaec991.dividers-on.classic-layout-list article {\n  margin-top: ;\n  padding-top: 0;\n  border-color: ;\n}\n.blog-shortcode.blog-masonry-shortcode-id-e63d0ff4a5f84d450f4a4d202eaec991.dividers-on.classic-layout-list article:first-of-type {\n  margin-top: 0;\n  padding-top: 0;\n}\n.blog-shortcode.blog-masonry-shortcode-id-e63d0ff4a5f84d450f4a4d202eaec991.classic-layout-list.mode-list .post-thumbnail-wrap {\n  width: ;\n}\n.blog-shortcode.blog-masonry-shortcode-id-e63d0ff4a5f84d450f4a4d202eaec991.classic-layout-list.mode-list .post-entry-content {\n  width: calc(100% - );\n}\n.blog-shortcode.blog-masonry-shortcode-id-e63d0ff4a5f84d450f4a4d202eaec991.classic-layout-list.mode-list .no-img .post-entry-content {\n  width: 100%;\n}\n.blog-shortcode.blog-masonry-shortcode-id-e63d0ff4a5f84d450f4a4d202eaec991 .filter-bg-decoration .filter-categories a.act {\n  color: #fff;\n}\n.blog-shortcode.blog-masonry-shortcode-id-e63d0ff4a5f84d450f4a4d202eaec991:not(.mode-masonry) article {\n  margin-top: ;\n}\n.blog-shortcode.blog-masonry-shortcode-id-e63d0ff4a5f84d450f4a4d202eaec991:not(.mode-masonry) article:first-of-type,\n.blog-shortcode.blog-masonry-shortcode-id-e63d0ff4a5f84d450f4a4d202eaec991:not(.mode-masonry) article.visible.first:not(.product) {\n  margin-top: 0;\n}\n.blog-shortcode.blog-masonry-shortcode-id-e63d0ff4a5f84d450f4a4d202eaec991.dividers-on:not(.mode-masonry) article {\n  margin-top: 0;\n  padding-top: ;\n}\n.blog-shortcode.blog-masonry-shortcode-id-e63d0ff4a5f84d450f4a4d202eaec991.dividers-on:not(.mode-masonry) article:first-of-type,\n.blog-shortcode.blog-masonry-shortcode-id-e63d0ff4a5f84d450f4a4d202eaec991.dividers-on:not(.mode-masonry) article.visible.first:not(.product) {\n  margin-top: 0;\n  padding-top: 0;\n}\n.blog-shortcode.blog-masonry-shortcode-id-e63d0ff4a5f84d450f4a4d202eaec991 .post-thumbnail-wrap {\n  padding: 0px 0px 0px 0px;\n}\n.blog-shortcode.blog-masonry-shortcode-id-e63d0ff4a5f84d450f4a4d202eaec991.enable-bg-rollover .post-thumbnail-rollover:after {\n  background: ;\n  background: -webkit-linear-gradient();\n  background: linear-gradient();\n}\n.blog-shortcode.blog-masonry-shortcode-id-e63d0ff4a5f84d450f4a4d202eaec991 .gallery-zoom-ico {\n  width: 44px;\n  height: 44px;\n  line-height: 44px;\n  border-radius: 100px;\n  margin: -22px 0 0 -22px;\n  border-width: 0px;\n  color: #ffffff;\n}\n.bottom-overlap-layout-list.blog-shortcode.blog-masonry-shortcode-id-e63d0ff4a5f84d450f4a4d202eaec991 .gallery-zoom-ico {\n  margin-top: -72px;\n}\n.gradient-overlay-layout-list.blog-shortcode.blog-masonry-shortcode-id-e63d0ff4a5f84d450f4a4d202eaec991 .gallery-zoom-ico,\n.content-rollover-layout-list.blog-shortcode.blog-masonry-shortcode-id-e63d0ff4a5f84d450f4a4d202eaec991 .gallery-zoom-ico {\n  margin: 0 0 10px;\n}\n.content-align-center.gradient-overlay-layout-list.blog-shortcode.blog-masonry-shortcode-id-e63d0ff4a5f84d450f4a4d202eaec991 .gallery-zoom-ico,\n.content-align-center.content-rollover-layout-list.blog-shortcode.blog-masonry-shortcode-id-e63d0ff4a5f84d450f4a4d202eaec991 .gallery-zoom-ico {\n  margin: 0 auto 10px;\n}\n.dt-icon-bg-on.blog-shortcode.blog-masonry-shortcode-id-e63d0ff4a5f84d450f4a4d202eaec991 .gallery-zoom-ico {\n  background: rgba(255,255,255,0.3);\n  box-shadow: none;\n}\n.blog-shortcode.blog-masonry-shortcode-id-e63d0ff4a5f84d450f4a4d202eaec991 .gallery-zoom-ico > span,\n.blog-shortcode.blog-masonry-shortcode-id-e63d0ff4a5f84d450f4a4d202eaec991 .gallery-zoom-ico:before {\n  font-size: 32px;\n  line-height: 44px;\n}\n.blog-shortcode.blog-masonry-shortcode-id-e63d0ff4a5f84d450f4a4d202eaec991 .gallery-zoom-ico > span,\n.blog-shortcode.blog-masonry-shortcode-id-e63d0ff4a5f84d450f4a4d202eaec991 .gallery-zoom-ico:before {\n  color: #ffffff;\n}\n.blog-shortcode.blog-masonry-shortcode-id-e63d0ff4a5f84d450f4a4d202eaec991 .entry-title,\n.blog-shortcode.blog-masonry-shortcode-id-e63d0ff4a5f84d450f4a4d202eaec991.owl-carousel .entry-title {\n  margin-bottom: 5px;\n  font-weight: bold;\n}\n.blog-shortcode.blog-masonry-shortcode-id-e63d0ff4a5f84d450f4a4d202eaec991 .entry-meta {\n  margin-bottom: 15px;\n}\n.blog-shortcode.blog-masonry-shortcode-id-e63d0ff4a5f84d450f4a4d202eaec991 .portfolio-categories {\n  margin-bottom: 15px;\n}\n.blog-shortcode.blog-masonry-shortcode-id-e63d0ff4a5f84d450f4a4d202eaec991 .entry-excerpt {\n  margin-bottom: 5px;\n}\n.blog-shortcode.blog-masonry-shortcode-id-e63d0ff4a5f84d450f4a4d202eaec991:not(.centered-layout-list) .post-entry-content {\n  padding: 25px 30px 30px 30px;\n}\n.blog-shortcode.blog-masonry-shortcode-id-e63d0ff4a5f84d450f4a4d202eaec991:not(.centered-layout-list):not(.content-bg-on):not(.mode-list) .no-img .post-entry-content {\n  padding: 0;\n}\n@media screen and (max-width: ) {\n  .blog-shortcode.blog-masonry-shortcode-id-e63d0ff4a5f84d450f4a4d202eaec991 article {\n    -ms-flex-flow: column nowrap;\n    flex-flow: column nowrap;\n    margin-top: 20px;\n  }\n  .blog-shortcode.blog-masonry-shortcode-id-e63d0ff4a5f84d450f4a4d202eaec991.dividers-on article {\n    border: none;\n  }\n  .blog-shortcode.blog-masonry-shortcode-id-e63d0ff4a5f84d450f4a4d202eaec991.content-bg-on.centered-layout-list article {\n    padding: 0;\n  }\n  .blog-shortcode.blog-masonry-shortcode-id-e63d0ff4a5f84d450f4a4d202eaec991.blog-shortcode.dividers-on article,\n  .blog-shortcode.blog-masonry-shortcode-id-e63d0ff4a5f84d450f4a4d202eaec991.dividers-on.classic-layout-list article {\n    margin-top: 20px;\n    padding: 0;\n  }\n  .blog-shortcode.blog-masonry-shortcode-id-e63d0ff4a5f84d450f4a4d202eaec991.blog-shortcode.dividers-on article:first-of-type,\n  .blog-shortcode.blog-masonry-shortcode-id-e63d0ff4a5f84d450f4a4d202eaec991.dividers-on.classic-layout-list article:first-of-type {\n    padding: 0;\n  }\n  #page .blog-shortcode.blog-masonry-shortcode-id-e63d0ff4a5f84d450f4a4d202eaec991 .post-thumbnail-wrap,\n  #page .blog-shortcode.blog-masonry-shortcode-id-e63d0ff4a5f84d450f4a4d202eaec991 .post-entry-content {\n    width: 100%;\n    margin: 0;\n    top: 0;\n  }\n  #page .blog-shortcode.blog-masonry-shortcode-id-e63d0ff4a5f84d450f4a4d202eaec991 .post-thumbnail-wrap {\n    padding: 0;\n  }\n  #page .blog-shortcode.blog-masonry-shortcode-id-e63d0ff4a5f84d450f4a4d202eaec991 .post-entry-content:after {\n    display: none;\n  }\n  #page .blog-shortcode.blog-masonry-shortcode-id-e63d0ff4a5f84d450f4a4d202eaec991 .project-even .post-thumbnail-wrap,\n  #page .blog-shortcode.blog-masonry-shortcode-id-e63d0ff4a5f84d450f4a4d202eaec991.centered-layout-list .post-thumbnail-wrap {\n    -ms-flex-order: 0;\n    order: 0;\n  }\n  #page .blog-shortcode.blog-masonry-shortcode-id-e63d0ff4a5f84d450f4a4d202eaec991.centered-layout-list .post-entry-title-content {\n    -ms-flex-order: 1;\n    order: 1;\n    width: 100%;\n    padding: 20px 20px 0;\n  }\n  #page .blog-shortcode.blog-masonry-shortcode-id-e63d0ff4a5f84d450f4a4d202eaec991.centered-layout-list .post-entry-content {\n    -ms-flex-order: 2;\n    order: 2;\n    padding-top: 0;\n  }\n  #page .blog-shortcode.blog-masonry-shortcode-id-e63d0ff4a5f84d450f4a4d202eaec991 .fancy-categories {\n    top: 10px;\n    left: 10px;\n    bottom: auto;\n    right: auto;\n  }\n  #page .blog-shortcode.blog-masonry-shortcode-id-e63d0ff4a5f84d450f4a4d202eaec991 .fancy-date a {\n    top: 10px;\n    right: 10px;\n    left: auto;\n    bottom: auto;\n  }\n  #page .blog-shortcode.blog-masonry-shortcode-id-e63d0ff4a5f84d450f4a4d202eaec991 .post-entry-content {\n    padding: 20px;\n  }\n  #page .blog-shortcode.blog-masonry-shortcode-id-e63d0ff4a5f84d450f4a4d202eaec991 .entry-title {\n    margin: 3px 0 5px;\n    font-size: 20px;\n    line-height: 26px;\n  }\n  #page .blog-shortcode.blog-masonry-shortcode-id-e63d0ff4a5f84d450f4a4d202eaec991 .entry-meta {\n    margin: 5px 0 5px;\n  }\n  #page .blog-shortcode.blog-masonry-shortcode-id-e63d0ff4a5f84d450f4a4d202eaec991 .entry-excerpt {\n    margin: 15px 0 0;\n  }\n  #page .blog-shortcode.blog-masonry-shortcode-id-e63d0ff4a5f84d450f4a4d202eaec991 .post-details {\n    margin: 5px 0 10px;\n  }\n  #page .blog-shortcode.blog-masonry-shortcode-id-e63d0ff4a5f84d450f4a4d202eaec991 .post-details.details-type-link {\n    margin-bottom: 2px;\n  }\n}\n.blog-shortcode.blog-masonry-shortcode-id-e63d0ff4a5f84d450f4a4d202eaec991:not(.resize-by-browser-width) .dt-css-grid {\n  grid-row-gap: 30px;\n  grid-column-gap: 30px;\n  grid-template-columns: repeat(auto-fill,minmax(,1fr));\n}\n.blog-shortcode.blog-masonry-shortcode-id-e63d0ff4a5f84d450f4a4d202eaec991:not(.resize-by-browser-width) .dt-css-grid .double-width {\n  grid-column: span 2;\n}\n.cssgridlegacy.no-cssgrid .blog-shortcode.blog-masonry-shortcode-id-e63d0ff4a5f84d450f4a4d202eaec991:not(.resize-by-browser-width) .dt-css-grid,\n.no-cssgridlegacy.no-cssgrid .blog-shortcode.blog-masonry-shortcode-id-e63d0ff4a5f84d450f4a4d202eaec991:not(.resize-by-browser-width) .dt-css-grid {\n  display: flex;\n  flex-flow: row wrap;\n  margin: -15px;\n}\n.cssgridlegacy.no-cssgrid .blog-shortcode.blog-masonry-shortcode-id-e63d0ff4a5f84d450f4a4d202eaec991:not(.resize-by-browser-width) .dt-css-grid .wf-cell,\n.no-cssgridlegacy.no-cssgrid .blog-shortcode.blog-masonry-shortcode-id-e63d0ff4a5f84d450f4a4d202eaec991:not(.resize-by-browser-width) .dt-css-grid .wf-cell {\n  flex: 1 0 ;\n  min-width: ;\n  max-width: 100%;\n  padding: 15px;\n  box-sizing: border-box;\n}\n.blog-shortcode.blog-masonry-shortcode-id-e63d0ff4a5f84d450f4a4d202eaec991.resize-by-browser-width .dt-css-grid {\n  grid-template-columns: repeat(4,1fr);\n  grid-template-rows: auto;\n  grid-column-gap: 30px;\n  grid-row-gap: 30px;\n}\n.blog-shortcode.blog-masonry-shortcode-id-e63d0ff4a5f84d450f4a4d202eaec991.resize-by-browser-width .dt-css-grid .double-width {\n  grid-column: span 2;\n}\n.cssgridlegacy.no-cssgrid .blog-shortcode.blog-masonry-shortcode-id-e63d0ff4a5f84d450f4a4d202eaec991.resize-by-browser-width .dt-css-grid {\n  margin: -15px;\n}\n.cssgridlegacy.no-cssgrid .blog-shortcode.blog-masonry-shortcode-id-e63d0ff4a5f84d450f4a4d202eaec991.resize-by-browser-width .dt-css-grid .wf-cell {\n  width: 25%;\n  padding: 15px;\n}\n.cssgridlegacy.no-cssgrid .blog-shortcode.blog-masonry-shortcode-id-e63d0ff4a5f84d450f4a4d202eaec991.resize-by-browser-width .dt-css-grid .wf-cell.double-width {\n  width: calc(25%) * 2;\n}\n.blog-shortcode.blog-masonry-shortcode-id-e63d0ff4a5f84d450f4a4d202eaec991.resize-by-browser-width:not(.centered-layout-list):not(.content-bg-on) .dt-css-grid {\n  grid-row-gap: 0px;\n}\n@media screen and (max-width: 1199px) {\n  .blog-shortcode.blog-masonry-shortcode-id-e63d0ff4a5f84d450f4a4d202eaec991.resize-by-browser-width .dt-css-grid {\n    grid-template-columns: repeat(3,1fr);\n  }\n  .cssgridlegacy.no-cssgrid .blog-shortcode.blog-masonry-shortcode-id-e63d0ff4a5f84d450f4a4d202eaec991.resize-by-browser-width .dt-css-grid .wf-cell,\n  .no-cssgridlegacy.no-cssgrid .blog-shortcode.blog-masonry-shortcode-id-e63d0ff4a5f84d450f4a4d202eaec991.resize-by-browser-width .dt-css-grid .wf-cell {\n    width: 33.333333333333%;\n  }\n  .cssgridlegacy.no-cssgrid .blog-shortcode.blog-masonry-shortcode-id-e63d0ff4a5f84d450f4a4d202eaec991.resize-by-browser-width .dt-css-grid .wf-cell.double-width,\n  .no-cssgridlegacy.no-cssgrid .blog-shortcode.blog-masonry-shortcode-id-e63d0ff4a5f84d450f4a4d202eaec991.resize-by-browser-width .dt-css-grid .wf-cell.double-width {\n    width: calc(33.333333333333%)*2;\n  }\n}\n@media screen and (max-width: 991px) {\n  .blog-shortcode.blog-masonry-shortcode-id-e63d0ff4a5f84d450f4a4d202eaec991.resize-by-browser-width .dt-css-grid {\n    grid-template-columns: repeat(2,1fr);\n  }\n  .cssgridlegacy.no-cssgrid .blog-shortcode.blog-masonry-shortcode-id-e63d0ff4a5f84d450f4a4d202eaec991.resize-by-browser-width .dt-css-grid .wf-cell,\n  .no-cssgridlegacy.no-cssgrid .blog-shortcode.blog-masonry-shortcode-id-e63d0ff4a5f84d450f4a4d202eaec991.resize-by-browser-width .dt-css-grid .wf-cell {\n    width: 50%;\n  }\n  .cssgridlegacy.no-cssgrid .blog-shortcode.blog-masonry-shortcode-id-e63d0ff4a5f84d450f4a4d202eaec991.resize-by-browser-width .dt-css-grid .wf-cell.double-width,\n  .no-cssgridlegacy.no-cssgrid .blog-shortcode.blog-masonry-shortcode-id-e63d0ff4a5f84d450f4a4d202eaec991.resize-by-browser-width .dt-css-grid .wf-cell.double-width {\n    width: calc(50%)*2;\n  }\n}\n@media screen and (max-width: 767px) {\n  .blog-shortcode.blog-masonry-shortcode-id-e63d0ff4a5f84d450f4a4d202eaec991.resize-by-browser-width .dt-css-grid {\n    grid-template-columns: repeat(1,1fr);\n  }\n  .cssgridlegacy.no-cssgrid .blog-shortcode.blog-masonry-shortcode-id-e63d0ff4a5f84d450f4a4d202eaec991.resize-by-browser-width .dt-css-grid .wf-cell,\n  .no-cssgridlegacy.no-cssgrid .blog-shortcode.blog-masonry-shortcode-id-e63d0ff4a5f84d450f4a4d202eaec991.resize-by-browser-width .dt-css-grid .wf-cell {\n    width: 100%;\n  }\n  .cssgridlegacy.no-cssgrid .blog-shortcode.blog-masonry-shortcode-id-e63d0ff4a5f84d450f4a4d202eaec991.resize-by-browser-width .dt-css-grid .wf-cell.double-width,\n  .no-cssgridlegacy.no-cssgrid .blog-shortcode.blog-masonry-shortcode-id-e63d0ff4a5f84d450f4a4d202eaec991.resize-by-browser-width .dt-css-grid .wf-cell.double-width {\n    width: calc(100%)*2;\n  }\n}\n<\/style><div class=\"blog-shortcode blog-masonry-shortcode-id-e63d0ff4a5f84d450f4a4d202eaec991 mode-grid classic-layout-list content-bg-on jquery-filter scale-img dt-css-grid-wrap dt-icon-bg-off resize-by-browser-width loading-effect-fade-in description-under-image\" data-padding=\"15px\" data-cur-page=\"1\" data-post-limit=\"-1\" data-pagination-mode=\"none\" data-desktop-columns-num=\"4\" data-v-tablet-columns-num=\"2\" data-h-tablet-columns-num=\"3\" data-phone-columns-num=\"1\" data-width=\"0px\" data-columns=\"0\"><div class=\"dt-css-grid\" ><div class=\"visible wf-cell\" data-post-id=\"4555\" data-date=\"2025-12-12T13:30:30+01:00\" data-name=\"Estudiante de doctorado del SSR gana Best Student Paper en el Simposio AMTA\"><article class=\"post project-odd visible post-4555 type-post status-publish format-standard has-post-thumbnail hentry category-noticia category-reconocimientos category-34 category-30\" data-name=\"Estudiante de doctorado del SSR gana Best Student Paper en el Simposio AMTA\" data-date=\"2025-12-12T13:30:30+01:00\">\n\n<div class=\"post-thumbnail-wrap\">\n\t<div class=\"post-thumbnail\">\n\t\t\n\t\t\n\t\t<a href=\"https:\/\/ssr.upm.es\/en\/2025\/12\/12\/estudiante-doctorado-ssr-gana-best-student-paper-simposio-amta\/\" class=\"post-thumbnail-rollover layzr-bg layzr-bg\" ><img class=\"iso-lazy-load preload-me iso-lazy-load\" src=\"data:image\/svg+xml,%3Csvg%20xmlns%3D&#39;http%3A%2F%2Fwww.w3.org%2F2000%2Fsvg&#39;%20viewBox%3D&#39;0%200%20768%20512&#39;%2F%3E\" data-src=\"https:\/\/ssr.upm.es\/wp-content\/uploads\/2025\/12\/AMTA2025Bestpaper_CELIA-FONTA-ROMERO-768x512.jpg\" data-srcset=\"https:\/\/ssr.upm.es\/wp-content\/uploads\/2025\/12\/AMTA2025Bestpaper_CELIA-FONTA-ROMERO-768x512.jpg 768w, https:\/\/ssr.upm.es\/wp-content\/uploads\/2025\/12\/AMTA2025Bestpaper_CELIA-FONTA-ROMERO-1152x768.jpg 1152w\" alt=\"\" title=\"AMTA2025Bestpaper_CELIA FONTA ROMERO\" width=\"768\" height=\"512\"  \/><\/a>\t<\/div>\n<\/div>\n\n\n<div class=\"post-entry-content\">\n\n\t<h3 class=\"entry-title\">\n\t\t<a href=\"https:\/\/ssr.upm.es\/en\/2025\/12\/12\/estudiante-doctorado-ssr-gana-best-student-paper-simposio-amta\/\" title=\"Estudiante de doctorado del SSR gana Best Student Paper en el Simposio AMTA\" rel=\"bookmark\">Estudiante de doctorado del SSR gana Best Student Paper en el Simposio AMTA<\/a>\n\t<\/h3>\n\n\t<div class=\"entry-meta\"><span class=\"category-link\"><a href=\"https:\/\/ssr.upm.es\/en\/category\/noticia\/\" >Noticia<\/a>, <a href=\"https:\/\/ssr.upm.es\/en\/category\/reconocimientos\/\" >Reconocimientos<\/a><\/span><a href=\"https:\/\/ssr.upm.es\/en\/2025\/12\/12\/\" title=\"13:30\" class=\"data-link\" rel=\"bookmark\"><time class=\"entry-date updated\" datetime=\"2025-12-12T13:30:30+01:00\">2025-12-12<\/time><\/a><\/div>\n\t<div class=\"entry-excerpt\"><p>&nbsp; El pasado noviembre la estudiante Celia Font\u00e1 gan\u00f3 el Best Student Paper del Simposio AMTA, celebrado en Estados Unidos &nbsp; La doctoranda del Grupo de Radiaci\u00f3n, Celia Font\u00e1, ha sido galardonada con el primer puesto del AMTA 2025 Best Student Paper Award. El congreso tuvo lugar en Tucson, Arizona, siendo la 47\u00aa edici\u00f3n del&hellip;<\/p>\n<\/div>\n\t<a href=\"https:\/\/ssr.upm.es\/en\/2025\/12\/12\/estudiante-doctorado-ssr-gana-best-student-paper-simposio-amta\/\" class=\"post-details details-type-link\" rel=\"nofollow\">More<i class=\"dt-icon-the7-arrow-03\" aria-hidden=\"true\"><\/i><\/a>\n<\/div><\/article><\/div><div class=\"visible wf-cell\" data-post-id=\"4544\" data-date=\"2025-09-10T14:13:06+02:00\" data-name=\"Cuatro doctorandos del SSR destacan en el XL Simposio Nacional de la URSI\"><article class=\"post project-odd visible post-4544 type-post status-publish format-standard has-post-thumbnail hentry category-noticia category-reconocimientos category-34 category-30\" data-name=\"Cuatro doctorandos del SSR destacan en el XL Simposio Nacional de la URSI\" data-date=\"2025-09-10T14:13:06+02:00\">\n\n<div class=\"post-thumbnail-wrap\">\n\t<div class=\"post-thumbnail\">\n\t\t\n\t\t\n\t\t<a href=\"https:\/\/ssr.upm.es\/en\/2025\/09\/10\/cuatro-doctorandos-ssr-destacan-en-el-xl-simposio-nacional-de-la-ursi\/\" class=\"post-thumbnail-rollover layzr-bg layzr-bg\" ><img class=\"iso-lazy-load preload-me iso-lazy-load\" src=\"data:image\/svg+xml,%3Csvg%20xmlns%3D&#39;http%3A%2F%2Fwww.w3.org%2F2000%2Fsvg&#39;%20viewBox%3D&#39;0%200%20768%20512&#39;%2F%3E\" data-src=\"https:\/\/ssr.upm.es\/wp-content\/uploads\/2025\/09\/PremioURSIJavi_MARIA-GUIJARRO-MAORT-768x512.jpg\" data-srcset=\"https:\/\/ssr.upm.es\/wp-content\/uploads\/2025\/09\/PremioURSIJavi_MARIA-GUIJARRO-MAORT-768x512.jpg 768w, https:\/\/ssr.upm.es\/wp-content\/uploads\/2025\/09\/PremioURSIJavi_MARIA-GUIJARRO-MAORT-1152x768.jpg 1152w\" alt=\"\" title=\"PremioURSIJavi_MARIA GUIJARRO MAORT\" width=\"768\" height=\"512\"  \/><\/a>\t<\/div>\n<\/div>\n\n\n<div class=\"post-entry-content\">\n\n\t<h3 class=\"entry-title\">\n\t\t<a href=\"https:\/\/ssr.upm.es\/en\/2025\/09\/10\/cuatro-doctorandos-ssr-destacan-en-el-xl-simposio-nacional-de-la-ursi\/\" title=\"Cuatro doctorandos del SSR destacan en el XL Simposio Nacional de la URSI\" rel=\"bookmark\">Cuatro doctorandos del SSR destacan en el XL Simposio Nacional de la URSI<\/a>\n\t<\/h3>\n\n\t<div class=\"entry-meta\"><span class=\"category-link\"><a href=\"https:\/\/ssr.upm.es\/en\/category\/noticia\/\" >Noticia<\/a>, <a href=\"https:\/\/ssr.upm.es\/en\/category\/reconocimientos\/\" >Reconocimientos<\/a><\/span><a href=\"https:\/\/ssr.upm.es\/en\/2025\/09\/10\/\" title=\"14:13\" class=\"data-link\" rel=\"bookmark\"><time class=\"entry-date updated\" datetime=\"2025-09-10T14:13:06+02:00\">2025-09-10<\/time><\/a><\/div>\n\t<div class=\"entry-excerpt\"><p>&nbsp; Javier Melendro gana el premio de j\u00f3venes investigadores, mientras que Sergio Garc\u00eda, Jorge S\u00e1nchez y Mar\u00eda Guijarro consiguen tres acc\u00e9sits. &nbsp; Durante la primera semana de septiembre se celebr\u00f3 en Tarragona el XL Simposio Nacional de la Uni\u00f3n Cient\u00edfica Internacional de Radio (URSI), donde la investigaci\u00f3n realizada en el SSR destac\u00f3 un a\u00f1o m\u00e1s.&hellip;<\/p>\n<\/div>\n\t<a href=\"https:\/\/ssr.upm.es\/en\/2025\/09\/10\/cuatro-doctorandos-ssr-destacan-en-el-xl-simposio-nacional-de-la-ursi\/\" class=\"post-details details-type-link\" rel=\"nofollow\">More<i class=\"dt-icon-the7-arrow-03\" aria-hidden=\"true\"><\/i><\/a>\n<\/div><\/article><\/div><div class=\"visible wf-cell\" data-post-id=\"4519\" data-date=\"2025-07-09T17:00:39+02:00\" data-name=\"La competici\u00f3n ROBOTRADER de trading algor\u00edtmico completa su XV Edici\u00f3n\"><article class=\"post project-odd visible post-4519 type-post status-publish format-standard has-post-thumbnail hentry category-noticia category-reconocimientos category-34 category-30\" data-name=\"La competici\u00f3n ROBOTRADER de trading algor\u00edtmico completa su XV Edici\u00f3n\" data-date=\"2025-07-09T17:00:39+02:00\">\n\n<div class=\"post-thumbnail-wrap\">\n\t<div class=\"post-thumbnail\">\n\t\t\n\t\t\n\t\t<a href=\"https:\/\/ssr.upm.es\/en\/2025\/07\/09\/la-competicion-robotrader-de-trading-algoritmico-completa-su-xv-edicion\/\" class=\"post-thumbnail-rollover layzr-bg layzr-bg\" ><img class=\"iso-lazy-load preload-me iso-lazy-load\" src=\"data:image\/svg+xml,%3Csvg%20xmlns%3D&#39;http%3A%2F%2Fwww.w3.org%2F2000%2Fsvg&#39;%20viewBox%3D&#39;0%200%20768%20512&#39;%2F%3E\" data-src=\"https:\/\/ssr.upm.es\/wp-content\/uploads\/2025\/07\/fotoELG_EDUARDO-LOPEZ-GONZAL-768x512.jpg\" data-srcset=\"https:\/\/ssr.upm.es\/wp-content\/uploads\/2025\/07\/fotoELG_EDUARDO-LOPEZ-GONZAL-768x512.jpg 768w, https:\/\/ssr.upm.es\/wp-content\/uploads\/2025\/07\/fotoELG_EDUARDO-LOPEZ-GONZAL-1152x768.jpg 1152w\" alt=\"\" title=\"fotoELG_EDUARDO LOPEZ GONZAL\" width=\"768\" height=\"512\"  \/><\/a>\t<\/div>\n<\/div>\n\n\n<div class=\"post-entry-content\">\n\n\t<h3 class=\"entry-title\">\n\t\t<a href=\"https:\/\/ssr.upm.es\/en\/2025\/07\/09\/la-competicion-robotrader-de-trading-algoritmico-completa-su-xv-edicion\/\" title=\"La competici\u00f3n ROBOTRADER de trading algor\u00edtmico completa su XV Edici\u00f3n\" rel=\"bookmark\">La competici\u00f3n ROBOTRADER de trading algor\u00edtmico completa su XV Edici\u00f3n<\/a>\n\t<\/h3>\n\n\t<div class=\"entry-meta\"><span class=\"category-link\"><a href=\"https:\/\/ssr.upm.es\/en\/category\/noticia\/\" >Noticia<\/a>, <a href=\"https:\/\/ssr.upm.es\/en\/category\/reconocimientos\/\" >Reconocimientos<\/a><\/span><a href=\"https:\/\/ssr.upm.es\/en\/2025\/07\/09\/\" title=\"17:00\" class=\"data-link\" rel=\"bookmark\"><time class=\"entry-date updated\" datetime=\"2025-07-09T17:00:39+02:00\">2025-07-09<\/time><\/a><\/div>\n\t<div class=\"entry-excerpt\"><p>&nbsp; La competici\u00f3n gestionada por el profesor Eduardo L\u00f3pez del SSR involucra campos como el procesado de se\u00f1al y estad\u00edstica &nbsp; Eduardo L\u00f3pez, siendo ya de profesor adscrito al departamento SSR de la ETSI Telecomunicaci\u00f3n de la Universidad Polit\u00e9cnica de Madrid, sobre el a\u00f1o 1999, se interes\u00f3 por el tema del trading y los sistemas&hellip;<\/p>\n<\/div>\n\t<a href=\"https:\/\/ssr.upm.es\/en\/2025\/07\/09\/la-competicion-robotrader-de-trading-algoritmico-completa-su-xv-edicion\/\" class=\"post-details details-type-link\" rel=\"nofollow\">More<i class=\"dt-icon-the7-arrow-03\" aria-hidden=\"true\"><\/i><\/a>\n<\/div><\/article><\/div><div class=\"visible wf-cell\" data-post-id=\"4506\" data-date=\"2025-06-30T19:30:53+02:00\" data-name=\"Profesores e investigadores del SSR realizan el primer estudio emp\u00edrico sobre comunicaciones Direct Satellite-To-Device\"><article class=\"post project-odd visible post-4506 type-post status-publish format-standard has-post-thumbnail hentry category-noticia category-reconocimientos category-34 category-30\" data-name=\"Profesores e investigadores del SSR realizan el primer estudio emp\u00edrico sobre comunicaciones Direct Satellite-To-Device\" data-date=\"2025-06-30T19:30:53+02:00\">\n\n<div class=\"post-thumbnail-wrap\">\n\t<div class=\"post-thumbnail\">\n\t\t\n\t\t\n\t\t<a href=\"https:\/\/ssr.upm.es\/en\/2025\/06\/30\/profesores-investigadores-ssr-realizan-el-primer-estudio-empirico-sobre-comunicaciones-direct-satellite-to-device\/\" class=\"post-thumbnail-rollover layzr-bg layzr-bg\" ><img class=\"iso-lazy-load preload-me iso-lazy-load\" src=\"data:image\/svg+xml,%3Csvg%20xmlns%3D&#39;http%3A%2F%2Fwww.w3.org%2F2000%2Fsvg&#39;%20viewBox%3D&#39;0%200%20757%20505&#39;%2F%3E\" data-src=\"https:\/\/ssr.upm.es\/wp-content\/uploads\/2025\/07\/Starlink-DS2D_ZORAIDA-FRIAS-BARROS-757x505.png\" data-srcset=\"https:\/\/ssr.upm.es\/wp-content\/uploads\/2025\/07\/Starlink-DS2D_ZORAIDA-FRIAS-BARROS-757x505.png 757w\" alt=\"\" title=\"Starlink DS2D_ZORAIDA FRIAS BARROS\" width=\"757\" height=\"505\"  \/><\/a>\t<\/div>\n<\/div>\n\n\n<div class=\"post-entry-content\">\n\n\t<h3 class=\"entry-title\">\n\t\t<a href=\"https:\/\/ssr.upm.es\/en\/2025\/06\/30\/profesores-investigadores-ssr-realizan-el-primer-estudio-empirico-sobre-comunicaciones-direct-satellite-to-device\/\" title=\"Profesores e investigadores del SSR realizan el primer estudio emp\u00edrico sobre comunicaciones Direct Satellite-To-Device\" rel=\"bookmark\">Profesores e investigadores del SSR realizan el primer estudio emp\u00edrico sobre comunicaciones Direct Satellite-To-Device<\/a>\n\t<\/h3>\n\n\t<div class=\"entry-meta\"><span class=\"category-link\"><a href=\"https:\/\/ssr.upm.es\/en\/category\/noticia\/\" >Noticia<\/a>, <a href=\"https:\/\/ssr.upm.es\/en\/category\/reconocimientos\/\" >Reconocimientos<\/a><\/span><a href=\"https:\/\/ssr.upm.es\/en\/2025\/06\/30\/\" title=\"19:30\" class=\"data-link\" rel=\"bookmark\"><time class=\"entry-date updated\" datetime=\"2025-06-30T19:30:53+02:00\">2025-06-30<\/time><\/a><\/div>\n\t<div class=\"entry-excerpt\"><p>&nbsp; Profesores e investigadores del SSR realizan el primer estudio emp\u00edrico sobre comunicaciones Direct Satellite-To-Device &nbsp; El Grupo de Tecnolog\u00edas de la Informaci\u00f3n y las Comunicaciones (GTIC) de la Universidad Polit\u00e9cnica de Madrid (UPM) ha realizado el primer estudio emp\u00edrico sobre redes m\u00f3viles v\u00eda sat\u00e9lite con acceso directo a dispositivos convencionales (Direct Satellite-to-Device, DS2D). El&hellip;<\/p>\n<\/div>\n\t<a href=\"https:\/\/ssr.upm.es\/en\/2025\/06\/30\/profesores-investigadores-ssr-realizan-el-primer-estudio-empirico-sobre-comunicaciones-direct-satellite-to-device\/\" class=\"post-details details-type-link\" rel=\"nofollow\">More<i class=\"dt-icon-the7-arrow-03\" aria-hidden=\"true\"><\/i><\/a>\n<\/div><\/article><\/div><div class=\"visible wf-cell\" data-post-id=\"4492\" data-date=\"2025-06-11T10:44:18+02:00\" data-name=\"Ganadores de la XLV Edici\u00f3n de los Premios a la Excelencia en Ingenier\u00eda de Telecomunicaci\u00f3n del COIT\/AEIT\"><article class=\"post project-odd visible post-4492 type-post status-publish format-standard has-post-thumbnail hentry category-noticia category-reconocimientos category-34 category-30\" data-name=\"Ganadores de la XLV Edici\u00f3n de los Premios a la Excelencia en Ingenier\u00eda de Telecomunicaci\u00f3n del COIT\/AEIT\" data-date=\"2025-06-11T10:44:18+02:00\">\n\n<div class=\"post-thumbnail-wrap\">\n\t<div class=\"post-thumbnail\">\n\t\t\n\t\t\n\t\t<a href=\"https:\/\/ssr.upm.es\/en\/2025\/06\/11\/ganadores-xlv-edicion-premios-excelencia-ingenieria-telecomunicacion-coit-aeit\/\" class=\"post-thumbnail-rollover layzr-bg layzr-bg\" ><img class=\"iso-lazy-load preload-me iso-lazy-load\" src=\"data:image\/svg+xml,%3Csvg%20xmlns%3D&#39;http%3A%2F%2Fwww.w3.org%2F2000%2Fsvg&#39;%20viewBox%3D&#39;0%200%20768%20512&#39;%2F%3E\" data-src=\"https:\/\/ssr.upm.es\/wp-content\/uploads\/2025\/06\/PremiosCOIT_MARIA-GUIJARRO-MAORT-768x512.jpeg\" data-srcset=\"https:\/\/ssr.upm.es\/wp-content\/uploads\/2025\/06\/PremiosCOIT_MARIA-GUIJARRO-MAORT-768x512.jpeg 768w, https:\/\/ssr.upm.es\/wp-content\/uploads\/2025\/06\/PremiosCOIT_MARIA-GUIJARRO-MAORT-1152x768.jpeg 1152w\" alt=\"\" title=\"PremiosCOIT_MARIA GUIJARRO MAORT\" width=\"768\" height=\"512\"  \/><\/a>\t<\/div>\n<\/div>\n\n\n<div class=\"post-entry-content\">\n\n\t<h3 class=\"entry-title\">\n\t\t<a href=\"https:\/\/ssr.upm.es\/en\/2025\/06\/11\/ganadores-xlv-edicion-premios-excelencia-ingenieria-telecomunicacion-coit-aeit\/\" title=\"Ganadores de la XLV Edici\u00f3n de los Premios a la Excelencia en Ingenier\u00eda de Telecomunicaci\u00f3n del COIT\/AEIT\" rel=\"bookmark\">Ganadores de la XLV Edici\u00f3n de los Premios a la Excelencia en Ingenier\u00eda de Telecomunicaci\u00f3n del COIT\/AEIT<\/a>\n\t<\/h3>\n\n\t<div class=\"entry-meta\"><span class=\"category-link\"><a href=\"https:\/\/ssr.upm.es\/en\/category\/noticia\/\" >Noticia<\/a>, <a href=\"https:\/\/ssr.upm.es\/en\/category\/reconocimientos\/\" >Reconocimientos<\/a><\/span><a href=\"https:\/\/ssr.upm.es\/en\/2025\/06\/11\/\" title=\"10:44\" class=\"data-link\" rel=\"bookmark\"><time class=\"entry-date updated\" datetime=\"2025-06-11T10:44:18+02:00\">2025-06-11<\/time><\/a><\/div>\n\t<div class=\"entry-excerpt\"><p>&nbsp; Mar\u00eda Guijarro Maortua recibe el premio HISDESAT al Mejor Trabajo Fin de M\u00e1ster de la XLV edici\u00f3n de los premios COIT\/AEIT a la Excelencia en Ingenier\u00eda de Telecomunicaci\u00f3n &nbsp; El pasado 6 de junio se celebr\u00f3 la entrega de los Premios a la Excelencia en Ingenier\u00eda de Telecomunicaci\u00f3n en su XLV edici\u00f3n. En ella,&hellip;<\/p>\n<\/div>\n\t<a href=\"https:\/\/ssr.upm.es\/en\/2025\/06\/11\/ganadores-xlv-edicion-premios-excelencia-ingenieria-telecomunicacion-coit-aeit\/\" class=\"post-details details-type-link\" rel=\"nofollow\">More<i class=\"dt-icon-the7-arrow-03\" aria-hidden=\"true\"><\/i><\/a>\n<\/div><\/article><\/div><div class=\"visible wf-cell\" data-post-id=\"4489\" data-date=\"2025-06-06T11:02:57+02:00\" data-name=\"Un doctorando del SSR, ganador de la fase interna de Tu Tesis en Tres Minutos\"><article class=\"post project-odd visible post-4489 type-post status-publish format-standard has-post-thumbnail hentry category-noticia category-reconocimientos category-34 category-30\" data-name=\"Un doctorando del SSR, ganador de la fase interna de Tu Tesis en Tres Minutos\" data-date=\"2025-06-06T11:02:57+02:00\">\n\n<div class=\"post-thumbnail-wrap\">\n\t<div class=\"post-thumbnail\">\n\t\t\n\t\t\n\t\t<a href=\"https:\/\/ssr.upm.es\/en\/2025\/06\/06\/doctorando-del-ssr-ganador-tu-tesis-en-tres-minutos\/\" class=\"post-thumbnail-rollover layzr-bg layzr-bg\" ><img class=\"iso-lazy-load preload-me iso-lazy-load\" src=\"data:image\/svg+xml,%3Csvg%20xmlns%3D&#39;http%3A%2F%2Fwww.w3.org%2F2000%2Fsvg&#39;%20viewBox%3D&#39;0%200%20600%20400&#39;%2F%3E\" data-src=\"https:\/\/ssr.upm.es\/wp-content\/uploads\/2025\/06\/TuTesis_2025.jpg\" data-srcset=\"https:\/\/ssr.upm.es\/wp-content\/uploads\/2025\/06\/TuTesis_2025.jpg 600w\" alt=\"\" title=\"TuTesis_2025\" width=\"600\" height=\"400\"  \/><\/a>\t<\/div>\n<\/div>\n\n\n<div class=\"post-entry-content\">\n\n\t<h3 class=\"entry-title\">\n\t\t<a href=\"https:\/\/ssr.upm.es\/en\/2025\/06\/06\/doctorando-del-ssr-ganador-tu-tesis-en-tres-minutos\/\" title=\"Un doctorando del SSR, ganador de la fase interna de Tu Tesis en Tres Minutos\" rel=\"bookmark\">Un doctorando del SSR, ganador de la fase interna de Tu Tesis en Tres Minutos<\/a>\n\t<\/h3>\n\n\t<div class=\"entry-meta\"><span class=\"category-link\"><a href=\"https:\/\/ssr.upm.es\/en\/category\/noticia\/\" >Noticia<\/a>, <a href=\"https:\/\/ssr.upm.es\/en\/category\/reconocimientos\/\" >Reconocimientos<\/a><\/span><a href=\"https:\/\/ssr.upm.es\/en\/2025\/06\/06\/\" title=\"11:02\" class=\"data-link\" rel=\"bookmark\"><time class=\"entry-date updated\" datetime=\"2025-06-06T11:02:57+02:00\">2025-06-06<\/time><\/a><\/div>\n\t<div class=\"entry-excerpt\"><p>&nbsp; Ignacio L\u00f3pez Delgado obtiene el primer puesto del concurso en la UPM y competir\u00e1 en la final regional en el \u00e1rea de ingenier\u00eda y arquitectura &nbsp; La\u00a0Universidad Polit\u00e9cnica de Madrid (UPM) tiene ya sus ganadores de la fase interna del concurso Tu Tesis en Tres Minutos. El primer puesto ha correspondido a Ignacio Esteban&hellip;<\/p>\n<\/div>\n\t<a href=\"https:\/\/ssr.upm.es\/en\/2025\/06\/06\/doctorando-del-ssr-ganador-tu-tesis-en-tres-minutos\/\" class=\"post-details details-type-link\" rel=\"nofollow\">More<i class=\"dt-icon-the7-arrow-03\" aria-hidden=\"true\"><\/i><\/a>\n<\/div><\/article><\/div><div class=\"visible wf-cell\" data-post-id=\"4462\" data-date=\"2025-03-05T16:49:27+01:00\" data-name=\"Jos\u00e9 Ram\u00f3n Casar, nuevo vicepresidente de la Real Academia de Doctores de Espa\u00f1a\"><article class=\"post project-odd visible post-4462 type-post status-publish format-standard has-post-thumbnail hentry category-noticia category-reconocimientos category-34 category-30\" data-name=\"Jos\u00e9 Ram\u00f3n Casar, nuevo vicepresidente de la Real Academia de Doctores de Espa\u00f1a\" data-date=\"2025-03-05T16:49:27+01:00\">\n\n<div class=\"post-thumbnail-wrap\">\n\t<div class=\"post-thumbnail\">\n\t\t\n\t\t\n\t\t<a href=\"https:\/\/ssr.upm.es\/en\/2025\/03\/05\/jose-ramon-casar-vicepresidente-real-academia-de-doctores-de-espana\/\" class=\"post-thumbnail-rollover layzr-bg layzr-bg\" ><img class=\"iso-lazy-load preload-me iso-lazy-load\" src=\"data:image\/svg+xml,%3Csvg%20xmlns%3D&#39;http%3A%2F%2Fwww.w3.org%2F2000%2Fsvg&#39;%20viewBox%3D&#39;0%200%20768%20512&#39;%2F%3E\" data-src=\"https:\/\/ssr.upm.es\/wp-content\/uploads\/2025\/03\/csm_Jose_Ramon_Casar_3_4da7a8f98e-768x512.jpg\" data-srcset=\"https:\/\/ssr.upm.es\/wp-content\/uploads\/2025\/03\/csm_Jose_Ramon_Casar_3_4da7a8f98e-768x512.jpg 768w, https:\/\/ssr.upm.es\/wp-content\/uploads\/2025\/03\/csm_Jose_Ramon_Casar_3_4da7a8f98e-800x533.jpg 800w\" alt=\"El catedr\u00e1tico de la ETSIT Jos\u00e9 Ram\u00f3n Casar\" title=\"csm_Jose_Ramon_Casar_3_4da7a8f98e\" width=\"768\" height=\"512\"  \/><\/a>\t<\/div>\n<\/div>\n\n\n<div class=\"post-entry-content\">\n\n\t<h3 class=\"entry-title\">\n\t\t<a href=\"https:\/\/ssr.upm.es\/en\/2025\/03\/05\/jose-ramon-casar-vicepresidente-real-academia-de-doctores-de-espana\/\" title=\"Jos\u00e9 Ram\u00f3n Casar, nuevo vicepresidente de la Real Academia de Doctores de Espa\u00f1a\" rel=\"bookmark\">Jos\u00e9 Ram\u00f3n Casar, nuevo vicepresidente de la Real Academia de Doctores de Espa\u00f1a<\/a>\n\t<\/h3>\n\n\t<div class=\"entry-meta\"><span class=\"category-link\"><a href=\"https:\/\/ssr.upm.es\/en\/category\/noticia\/\" >Noticia<\/a>, <a href=\"https:\/\/ssr.upm.es\/en\/category\/reconocimientos\/\" >Reconocimientos<\/a><\/span><a href=\"https:\/\/ssr.upm.es\/en\/2025\/03\/05\/\" title=\"16:49\" class=\"data-link\" rel=\"bookmark\"><time class=\"entry-date updated\" datetime=\"2025-03-05T16:49:27+01:00\">2025-03-05<\/time><\/a><\/div>\n\t<div class=\"entry-excerpt\"><p>&nbsp; El catedr\u00e1tico del SSR presid\u00eda hasta la fecha la secci\u00f3n de Ingenier\u00eda de la instituci\u00f3n &nbsp; Jos\u00e9 Ram\u00f3n Casar Corredera, catedr\u00e1tico de la\u00a0Escuela T\u00e9cnica Superior de Ingenieros de Telecomunicaci\u00f3n\u00a0(ETSIT), fue elegido el 26 de febrero vicepresidente de la\u00a0Real Academia de Doctores de Espa\u00f1a. Su designaci\u00f3n cont\u00f3 con el voto a favor de 62 de&hellip;<\/p>\n<\/div>\n\t<a href=\"https:\/\/ssr.upm.es\/en\/2025\/03\/05\/jose-ramon-casar-vicepresidente-real-academia-de-doctores-de-espana\/\" class=\"post-details details-type-link\" rel=\"nofollow\">More<i class=\"dt-icon-the7-arrow-03\" aria-hidden=\"true\"><\/i><\/a>\n<\/div><\/article><\/div><div class=\"visible wf-cell\" data-post-id=\"4444\" data-date=\"2025-03-03T17:54:04+01:00\" data-name=\"La Qualcomm Wireless Academy ofrece becas para un programa de formaci\u00f3n avanzada en redes 5G a los alumnos de doctorado del SSR\"><article class=\"post project-odd visible post-4444 type-post status-publish format-standard has-post-thumbnail hentry category-becas category-31\" data-name=\"La Qualcomm Wireless Academy ofrece becas para un programa de formaci\u00f3n avanzada en redes 5G a los alumnos de doctorado del SSR\" data-date=\"2025-03-03T17:54:04+01:00\">\n\n<div class=\"post-thumbnail-wrap\">\n\t<div class=\"post-thumbnail\">\n\t\t\n\t\t\n\t\t<a href=\"https:\/\/ssr.upm.es\/en\/2025\/03\/03\/becas-qualcomm-wireless-academy-programa-de-formacion-avanzada-en-redes-5g\/\" class=\"post-thumbnail-rollover layzr-bg layzr-bg\" ><img class=\"iso-lazy-load preload-me iso-lazy-load\" src=\"data:image\/svg+xml,%3Csvg%20xmlns%3D&#39;http%3A%2F%2Fwww.w3.org%2F2000%2Fsvg&#39;%20viewBox%3D&#39;0%200%20184%20122&#39;%2F%3E\" data-src=\"https:\/\/ssr.upm.es\/wp-content\/uploads\/2025\/03\/logo-QWA-184x122.jpg\" data-srcset=\"https:\/\/ssr.upm.es\/wp-content\/uploads\/2025\/03\/logo-QWA-184x122.jpg 184w, https:\/\/ssr.upm.es\/wp-content\/uploads\/2025\/03\/logo-QWA-184x123.jpg 184w\" alt=\"Qualcomm Wireless Academy\" title=\"logo QWA\" width=\"184\" height=\"122\"  \/><\/a>\t<\/div>\n<\/div>\n\n\n<div class=\"post-entry-content\">\n\n\t<h3 class=\"entry-title\">\n\t\t<a href=\"https:\/\/ssr.upm.es\/en\/2025\/03\/03\/becas-qualcomm-wireless-academy-programa-de-formacion-avanzada-en-redes-5g\/\" title=\"La Qualcomm Wireless Academy ofrece becas para un programa de formaci\u00f3n avanzada en redes 5G a los alumnos de doctorado del SSR\" rel=\"bookmark\">La Qualcomm Wireless Academy ofrece becas para un programa de formaci\u00f3n avanzada en redes 5G a los alumnos de doctorado del SSR<\/a>\n\t<\/h3>\n\n\t<div class=\"entry-meta\"><span class=\"category-link\"><a href=\"https:\/\/ssr.upm.es\/en\/category\/becas\/\" >Becas<\/a><\/span><a href=\"https:\/\/ssr.upm.es\/en\/2025\/03\/03\/\" title=\"17:54\" class=\"data-link\" rel=\"bookmark\"><time class=\"entry-date updated\" datetime=\"2025-03-03T17:54:04+01:00\">2025-03-03<\/time><\/a><\/div>\n\t<div class=\"entry-excerpt\"><p>03.03.2025 La certificaci\u00f3n 5G Associate-Level de Qualcomm ofrece un conocimiento profundo sobre las tecnolog\u00edas clave de 5G, recogidas en una acreditaci\u00f3n de la empresa pionera en muchas de las innovaciones que hacen posible esta tecnolog\u00eda. La Qualcomm Wireless Academy ha anunciado la concesi\u00f3n de 10 becas completas para que los alumnos de doctorado del SSR&hellip;<\/p>\n<\/div>\n\t<a href=\"https:\/\/ssr.upm.es\/en\/2025\/03\/03\/becas-qualcomm-wireless-academy-programa-de-formacion-avanzada-en-redes-5g\/\" class=\"post-details details-type-link\" rel=\"nofollow\">More<i class=\"dt-icon-the7-arrow-03\" aria-hidden=\"true\"><\/i><\/a>\n<\/div><\/article><\/div><div class=\"visible wf-cell\" data-post-id=\"4437\" data-date=\"2025-02-12T18:52:08+01:00\" data-name=\"El catedr\u00e1tico Manuel Sierra, nuevo miembro honorario del IEEE\"><article class=\"post project-odd visible post-4437 type-post status-publish format-standard has-post-thumbnail hentry category-noticia category-reconocimientos category-34 category-30\" data-name=\"El catedr\u00e1tico Manuel Sierra, nuevo miembro honorario del IEEE\" data-date=\"2025-02-12T18:52:08+01:00\">\n\n<div class=\"post-thumbnail-wrap\">\n\t<div class=\"post-thumbnail\">\n\t\t\n\t\t\n\t\t<a href=\"https:\/\/ssr.upm.es\/en\/2025\/02\/12\/el-catedratico-manuel-sierra-nuevo-miembro-honorario-del-ieee\/\" class=\"post-thumbnail-rollover layzr-bg layzr-bg\" ><img class=\"iso-lazy-load preload-me iso-lazy-load\" src=\"data:image\/svg+xml,%3Csvg%20xmlns%3D&#39;http%3A%2F%2Fwww.w3.org%2F2000%2Fsvg&#39;%20viewBox%3D&#39;0%200%20600%20400&#39;%2F%3E\" data-src=\"https:\/\/ssr.upm.es\/wp-content\/uploads\/2024\/11\/Manuel_Sierra_AMTA_R-600x400.jpg\" data-srcset=\"https:\/\/ssr.upm.es\/wp-content\/uploads\/2024\/11\/Manuel_Sierra_AMTA_R-600x400.jpg 600w\" alt=\"El catedr\u00e1tico Manuel Sierra, en la c\u00e1mara anecoica de la ETSIT\" title=\"Manuel_Sierra_Casta\u00f1er\" width=\"600\" height=\"400\"  \/><\/a>\t<\/div>\n<\/div>\n\n\n<div class=\"post-entry-content\">\n\n\t<h3 class=\"entry-title\">\n\t\t<a href=\"https:\/\/ssr.upm.es\/en\/2025\/02\/12\/el-catedratico-manuel-sierra-nuevo-miembro-honorario-del-ieee\/\" title=\"El catedr\u00e1tico Manuel Sierra, nuevo miembro honorario del IEEE\" rel=\"bookmark\">El catedr\u00e1tico Manuel Sierra, nuevo miembro honorario del IEEE<\/a>\n\t<\/h3>\n\n\t<div class=\"entry-meta\"><span class=\"category-link\"><a href=\"https:\/\/ssr.upm.es\/en\/category\/noticia\/\" >Noticia<\/a>, <a href=\"https:\/\/ssr.upm.es\/en\/category\/reconocimientos\/\" >Reconocimientos<\/a><\/span><a href=\"https:\/\/ssr.upm.es\/en\/2025\/02\/12\/\" title=\"18:52\" class=\"data-link\" rel=\"bookmark\"><time class=\"entry-date updated\" datetime=\"2025-02-12T18:52:08+01:00\">2025-02-12<\/time><\/a><\/div>\n\t<div class=\"entry-excerpt\"><p>&nbsp; La asociaci\u00f3n mundial de ingenieros reconoce las \u00abcontribuciones extraordinarias\u00bb del actual director de la ETSIT en el \u00e1mbito de la medida y el dise\u00f1o de antenas &nbsp; Manuel Sierra, catedr\u00e1tico y actual director de la\u202fEscuela T\u00e9cnica Superior de Ingenieros de Telecomunicaci\u00f3n\u202f(ETSIT) de la\u202fUniversidad Polit\u00e9cnica de Madrid\u202f(UPM), ha sido designado miembro honorario (fellow) del\u202fInstituto de&hellip;<\/p>\n<\/div>\n\t<a href=\"https:\/\/ssr.upm.es\/en\/2025\/02\/12\/el-catedratico-manuel-sierra-nuevo-miembro-honorario-del-ieee\/\" class=\"post-details details-type-link\" rel=\"nofollow\">More<i class=\"dt-icon-the7-arrow-03\" aria-hidden=\"true\"><\/i><\/a>\n<\/div><\/article><\/div><div class=\"visible wf-cell\" data-post-id=\"4431\" data-date=\"2025-01-30T18:45:14+01:00\" data-name=\"Federico \u00c1lvarez, premio Consolidaci\u00f3n de la Actividad Investigadora desarrollada en la UPM\"><article class=\"post project-odd visible post-4431 type-post status-publish format-standard has-post-thumbnail hentry category-noticia category-reconocimientos category-34 category-30\" data-name=\"Federico \u00c1lvarez, premio Consolidaci\u00f3n de la Actividad Investigadora desarrollada en la UPM\" data-date=\"2025-01-30T18:45:14+01:00\">\n\n<div class=\"post-thumbnail-wrap\">\n\t<div class=\"post-thumbnail\">\n\t\t\n\t\t\n\t\t<a href=\"https:\/\/ssr.upm.es\/en\/2025\/01\/30\/federico-alvarez-premio-consolidacion-actividad-investigadora-desarrollada-en-la-upm\/\" class=\"post-thumbnail-rollover layzr-bg layzr-bg\" ><img class=\"iso-lazy-load preload-me iso-lazy-load\" src=\"data:image\/svg+xml,%3Csvg%20xmlns%3D&#39;http%3A%2F%2Fwww.w3.org%2F2000%2Fsvg&#39;%20viewBox%3D&#39;0%200%20768%20512&#39;%2F%3E\" data-src=\"https:\/\/ssr.upm.es\/wp-content\/uploads\/2025\/02\/Premio_Consolidacion_Investigacion_ZORAIDA-FRIAS-BARROS-768x512.jpg\" data-srcset=\"https:\/\/ssr.upm.es\/wp-content\/uploads\/2025\/02\/Premio_Consolidacion_Investigacion_ZORAIDA-FRIAS-BARROS-768x512.jpg 768w, https:\/\/ssr.upm.es\/wp-content\/uploads\/2025\/02\/Premio_Consolidacion_Investigacion_ZORAIDA-FRIAS-BARROS.jpg 800w\" alt=\"\" title=\"Premio_Consolidacion_Investigacion_Federico_Alvarez\" width=\"768\" height=\"512\"  \/><\/a>\t<\/div>\n<\/div>\n\n\n<div class=\"post-entry-content\">\n\n\t<h3 class=\"entry-title\">\n\t\t<a href=\"https:\/\/ssr.upm.es\/en\/2025\/01\/30\/federico-alvarez-premio-consolidacion-actividad-investigadora-desarrollada-en-la-upm\/\" title=\"Federico \u00c1lvarez, premio Consolidaci\u00f3n de la Actividad Investigadora desarrollada en la UPM\" rel=\"bookmark\">Federico \u00c1lvarez, premio Consolidaci\u00f3n de la Actividad Investigadora desarrollada en la UPM<\/a>\n\t<\/h3>\n\n\t<div class=\"entry-meta\"><span class=\"category-link\"><a href=\"https:\/\/ssr.upm.es\/en\/category\/noticia\/\" >Noticia<\/a>, <a href=\"https:\/\/ssr.upm.es\/en\/category\/reconocimientos\/\" >Reconocimientos<\/a><\/span><a href=\"https:\/\/ssr.upm.es\/en\/2025\/01\/30\/\" title=\"18:45\" class=\"data-link\" rel=\"bookmark\"><time class=\"entry-date updated\" datetime=\"2025-01-30T18:45:14+01:00\">2025-01-30<\/time><\/a><\/div>\n\t<div class=\"entry-excerpt\"><p>&nbsp; El Catedr\u00e1tico del SSR obtiene un reconocimiento a su contribuci\u00f3n en tecnolog\u00edas multimedia &nbsp; El catedr\u00e1tico Federico \u00c1lvarez, del SSR, ha obtenido el Premio Consolidaci\u00f3n de la Actividad Investigadora desarrollada en la Universidad Polit\u00e9cnica de Madrid (UPM). Recibi\u00f3 el galard\u00f3n el 28 de enero, en el acto conmemorativo de la festividad de Santo Tom\u00e1s&hellip;<\/p>\n<\/div>\n\t<a href=\"https:\/\/ssr.upm.es\/en\/2025\/01\/30\/federico-alvarez-premio-consolidacion-actividad-investigadora-desarrollada-en-la-upm\/\" class=\"post-details details-type-link\" rel=\"nofollow\">More<i class=\"dt-icon-the7-arrow-03\" aria-hidden=\"true\"><\/i><\/a>\n<\/div><\/article><\/div><div class=\"visible wf-cell\" data-post-id=\"4424\" data-date=\"2025-01-29T18:30:05+01:00\" data-name=\"Narciso Garc\u00eda, Catedr\u00e1tico del SSR, recibe &#039;ex aequo&#039; el premio de Investigaci\u00f3n de la UPM\"><article class=\"post project-odd visible post-4424 type-post status-publish format-standard has-post-thumbnail hentry category-noticia category-reconocimientos category-34 category-30\" data-name=\"Narciso Garc\u00eda, Catedr\u00e1tico del SSR, recibe &#8216;ex aequo&#8217; el premio de Investigaci\u00f3n de la UPM\" data-date=\"2025-01-29T18:30:05+01:00\">\n\n<div class=\"post-thumbnail-wrap\">\n\t<div class=\"post-thumbnail\">\n\t\t\n\t\t\n\t\t<a href=\"https:\/\/ssr.upm.es\/en\/2025\/01\/29\/narciso-garcia-recibe-ex-aequo-premio-investigacion-upm\/\" class=\"post-thumbnail-rollover layzr-bg layzr-bg\" ><img class=\"iso-lazy-load preload-me iso-lazy-load\" src=\"data:image\/svg+xml,%3Csvg%20xmlns%3D&#39;http%3A%2F%2Fwww.w3.org%2F2000%2Fsvg&#39;%20viewBox%3D&#39;0%200%20768%20512&#39;%2F%3E\" data-src=\"https:\/\/ssr.upm.es\/wp-content\/uploads\/2025\/02\/FCalle_NGarcia_ZORAIDA-FRIAS-BARROS-768x512.jpg\" data-srcset=\"https:\/\/ssr.upm.es\/wp-content\/uploads\/2025\/02\/FCalle_NGarcia_ZORAIDA-FRIAS-BARROS-768x512.jpg 768w, https:\/\/ssr.upm.es\/wp-content\/uploads\/2025\/02\/FCalle_NGarcia_ZORAIDA-FRIAS-BARROS.jpg 800w\" alt=\"\" title=\"FCalle_NGarcia\" width=\"768\" height=\"512\"  \/><\/a>\t<\/div>\n<\/div>\n\n\n<div class=\"post-entry-content\">\n\n\t<h3 class=\"entry-title\">\n\t\t<a href=\"https:\/\/ssr.upm.es\/en\/2025\/01\/29\/narciso-garcia-recibe-ex-aequo-premio-investigacion-upm\/\" title=\"Narciso Garc\u00eda, Catedr\u00e1tico del SSR, recibe &#8216;ex aequo&#8217; el premio de Investigaci\u00f3n de la UPM\" rel=\"bookmark\">Narciso Garc\u00eda, Catedr\u00e1tico del SSR, recibe &#8216;ex aequo&#8217; el premio de Investigaci\u00f3n de la UPM<\/a>\n\t<\/h3>\n\n\t<div class=\"entry-meta\"><span class=\"category-link\"><a href=\"https:\/\/ssr.upm.es\/en\/category\/noticia\/\" >Noticia<\/a>, <a href=\"https:\/\/ssr.upm.es\/en\/category\/reconocimientos\/\" >Reconocimientos<\/a><\/span><a href=\"https:\/\/ssr.upm.es\/en\/2025\/01\/29\/\" title=\"18:30\" class=\"data-link\" rel=\"bookmark\"><time class=\"entry-date updated\" datetime=\"2025-01-29T18:30:05+01:00\">2025-01-29<\/time><\/a><\/div>\n\t<div class=\"entry-excerpt\"><p>&nbsp; El galard\u00f3n reconoce la labor del catedr\u00e1tico del SSR en el campos del tratamiento digital de im\u00e1genes y v\u00eddeo &nbsp; Narciso Garc\u00eda, catedr\u00e1tico del SSR, ha sido distinguido con el Premio de Investigaci\u00f3n de la Universidad Polit\u00e9cnica de Madrid (UPM). El galard\u00f3n, que recogi\u00f3 el 28 de enero en el acto conmemorativo de la&hellip;<\/p>\n<\/div>\n\t<a href=\"https:\/\/ssr.upm.es\/en\/2025\/01\/29\/narciso-garcia-recibe-ex-aequo-premio-investigacion-upm\/\" class=\"post-details details-type-link\" rel=\"nofollow\">More<i class=\"dt-icon-the7-arrow-03\" aria-hidden=\"true\"><\/i><\/a>\n<\/div><\/article><\/div><div class=\"visible wf-cell\" data-post-id=\"4369\" data-date=\"2024-11-12T16:32:52+01:00\" data-name=\"Reconocimiento de la RTTH a la trayectoria profesional de Luis Alfonso Hern\u00e1ndez G\u00f3mez\"><article class=\"post project-odd visible post-4369 type-post status-publish format-standard has-post-thumbnail hentry category-noticia category-reconocimientos category-34 category-30\" data-name=\"Reconocimiento de la RTTH a la trayectoria profesional de Luis Alfonso Hern\u00e1ndez G\u00f3mez\" data-date=\"2024-11-12T16:32:52+01:00\">\n\n<div class=\"post-thumbnail-wrap\">\n\t<div class=\"post-thumbnail\">\n\t\t\n\t\t\n\t\t<a href=\"https:\/\/ssr.upm.es\/en\/2024\/11\/12\/reconocimiento-rtth-trayectoria-profesional-luis-alfonso-hernandez-gomez\/\" class=\"post-thumbnail-rollover layzr-bg layzr-bg\" ><img class=\"iso-lazy-load preload-me iso-lazy-load\" src=\"data:image\/svg+xml,%3Csvg%20xmlns%3D&#39;http%3A%2F%2Fwww.w3.org%2F2000%2Fsvg&#39;%20viewBox%3D&#39;0%200%20200%20133&#39;%2F%3E\" data-src=\"https:\/\/ssr.upm.es\/wp-content\/uploads\/2024\/11\/Luis-A.-Hernandez-200x133.jpg\" data-srcset=\"https:\/\/ssr.upm.es\/wp-content\/uploads\/2024\/11\/Luis-A.-Hernandez-200x133.jpg 200w\" alt=\"\" title=\"Luis A. Hern\u00e1ndez\" width=\"200\" height=\"133\"  \/><\/a>\t<\/div>\n<\/div>\n\n\n<div class=\"post-entry-content\">\n\n\t<h3 class=\"entry-title\">\n\t\t<a href=\"https:\/\/ssr.upm.es\/en\/2024\/11\/12\/reconocimiento-rtth-trayectoria-profesional-luis-alfonso-hernandez-gomez\/\" title=\"Reconocimiento de la RTTH a la trayectoria profesional de Luis Alfonso Hern\u00e1ndez G\u00f3mez\" rel=\"bookmark\">Reconocimiento de la RTTH a la trayectoria profesional de Luis Alfonso Hern\u00e1ndez G\u00f3mez<\/a>\n\t<\/h3>\n\n\t<div class=\"entry-meta\"><span class=\"category-link\"><a href=\"https:\/\/ssr.upm.es\/en\/category\/noticia\/\" >Noticia<\/a>, <a href=\"https:\/\/ssr.upm.es\/en\/category\/reconocimientos\/\" >Reconocimientos<\/a><\/span><a href=\"https:\/\/ssr.upm.es\/en\/2024\/11\/12\/\" title=\"16:32\" class=\"data-link\" rel=\"bookmark\"><time class=\"entry-date updated\" datetime=\"2024-11-12T16:32:52+01:00\">2024-11-12<\/time><\/a><\/div>\n\t<div class=\"entry-excerpt\"><p>&nbsp; El pasado 11 de Noviembre la Red Tem\u00e1tica en Tecnolog\u00edas de Habla (RTTH) reconoci\u00f3 la Trayectoria Profesional del profesor del SSR Luis A. Hern\u00e1ndez, dentro de la conferencia Iberspeech 2024 y de las XIII Jornadas en Tecnolog\u00eda del Habla. &nbsp; Luis es profesor de la UPM desde hace casi 30 a\u00f1os, adscrito al Departamento&hellip;<\/p>\n<\/div>\n\t<a href=\"https:\/\/ssr.upm.es\/en\/2024\/11\/12\/reconocimiento-rtth-trayectoria-profesional-luis-alfonso-hernandez-gomez\/\" class=\"post-details details-type-link\" rel=\"nofollow\">More<i class=\"dt-icon-the7-arrow-03\" aria-hidden=\"true\"><\/i><\/a>\n<\/div><\/article><\/div><div class=\"visible wf-cell\" data-post-id=\"4362\" data-date=\"2024-10-28T14:30:00+01:00\" data-name=\"Manuel Sierra Casta\u00f1er, Catedr\u00e1tico del SSR, premiado en EE UU por sus logros en el \u00e1mbito de la medida de antenas\"><article class=\"post project-odd visible post-4362 type-post status-publish format-standard has-post-thumbnail hentry category-noticia category-reconocimientos category-34 category-30\" data-name=\"Manuel Sierra Casta\u00f1er, Catedr\u00e1tico del SSR, premiado en EE UU por sus logros en el \u00e1mbito de la medida de antenas\" data-date=\"2024-10-28T14:30:00+01:00\">\n\n<div class=\"post-thumbnail-wrap\">\n\t<div class=\"post-thumbnail\">\n\t\t\n\t\t\n\t\t<a href=\"https:\/\/ssr.upm.es\/en\/2024\/10\/28\/manuel-sierra-castaner-premiado-en-eeuu-logros-ambito-medida-de-antenas\/\" class=\"post-thumbnail-rollover layzr-bg layzr-bg\" ><img class=\"iso-lazy-load preload-me iso-lazy-load\" src=\"data:image\/svg+xml,%3Csvg%20xmlns%3D&#39;http%3A%2F%2Fwww.w3.org%2F2000%2Fsvg&#39;%20viewBox%3D&#39;0%200%20600%20400&#39;%2F%3E\" data-src=\"https:\/\/ssr.upm.es\/wp-content\/uploads\/2024\/11\/Manuel_Sierra_AMTA_R-600x400.jpg\" data-srcset=\"https:\/\/ssr.upm.es\/wp-content\/uploads\/2024\/11\/Manuel_Sierra_AMTA_R-600x400.jpg 600w\" alt=\"El catedr\u00e1tico Manuel Sierra, en la c\u00e1mara anecoica de la ETSIT\" title=\"Manuel_Sierra_Casta\u00f1er\" width=\"600\" height=\"400\"  \/><\/a>\t<\/div>\n<\/div>\n\n\n<div class=\"post-entry-content\">\n\n\t<h3 class=\"entry-title\">\n\t\t<a href=\"https:\/\/ssr.upm.es\/en\/2024\/10\/28\/manuel-sierra-castaner-premiado-en-eeuu-logros-ambito-medida-de-antenas\/\" title=\"Manuel Sierra Casta\u00f1er, Catedr\u00e1tico del SSR, premiado en EE UU por sus logros en el \u00e1mbito de la medida de antenas\" rel=\"bookmark\">Manuel Sierra Casta\u00f1er, Catedr\u00e1tico del SSR, premiado en EE UU por sus logros en el \u00e1mbito de la medida de antenas<\/a>\n\t<\/h3>\n\n\t<div class=\"entry-meta\"><span class=\"category-link\"><a href=\"https:\/\/ssr.upm.es\/en\/category\/noticia\/\" >Noticia<\/a>, <a href=\"https:\/\/ssr.upm.es\/en\/category\/reconocimientos\/\" >Reconocimientos<\/a><\/span><a href=\"https:\/\/ssr.upm.es\/en\/2024\/10\/28\/\" title=\"14:30\" class=\"data-link\" rel=\"bookmark\"><time class=\"entry-date updated\" datetime=\"2024-10-28T14:30:00+01:00\">2024-10-28<\/time><\/a><\/div>\n\t<div class=\"entry-excerpt\"><p>&nbsp; La Antenna Measurement Techniques Association distingue el \u201ctrabajo pionero\u201d de Manuel Sierra al frente de un laboratorio puntero en su especialidad a nivel mundial &nbsp; La\u00a0Antenna Measurement Techniques Association\u00a0(AMTA), organizaci\u00f3n con sede en EE UU que agrupa a ingenieros y otros profesionales de todo el mundo especializados en las t\u00e9cnicas de medida de antenas,&hellip;<\/p>\n<\/div>\n\t<a href=\"https:\/\/ssr.upm.es\/en\/2024\/10\/28\/manuel-sierra-castaner-premiado-en-eeuu-logros-ambito-medida-de-antenas\/\" class=\"post-details details-type-link\" rel=\"nofollow\">More<i class=\"dt-icon-the7-arrow-03\" aria-hidden=\"true\"><\/i><\/a>\n<\/div><\/article><\/div><div class=\"visible wf-cell\" data-post-id=\"4358\" data-date=\"2024-10-23T13:30:34+02:00\" data-name=\"Espacio de honor para F\u00e9lix P\u00e9rez en el Archivo Digital UPM\"><article class=\"post project-odd visible post-4358 type-post status-publish format-standard has-post-thumbnail hentry category-noticia category-reconocimientos category-34 category-30\" data-name=\"Espacio de honor para F\u00e9lix P\u00e9rez en el Archivo Digital UPM\" data-date=\"2024-10-23T13:30:34+02:00\">\n\n<div class=\"post-thumbnail-wrap\">\n\t<div class=\"post-thumbnail\">\n\t\t\n\t\t\n\t\t<a href=\"https:\/\/ssr.upm.es\/en\/2024\/10\/23\/espacio-de-honor-felix-perez-en-archivo-digital-upm\/\" class=\"post-thumbnail-rollover layzr-bg layzr-bg\" ><img class=\"iso-lazy-load preload-me iso-lazy-load\" src=\"data:image\/svg+xml,%3Csvg%20xmlns%3D&#39;http%3A%2F%2Fwww.w3.org%2F2000%2Fsvg&#39;%20viewBox%3D&#39;0%200%20768%20512&#39;%2F%3E\" data-src=\"https:\/\/ssr.upm.es\/wp-content\/uploads\/2024\/10\/csm_Felix_Perez_3cf2515856-768x512.jpg\" data-srcset=\"https:\/\/ssr.upm.es\/wp-content\/uploads\/2024\/10\/csm_Felix_Perez_3cf2515856-768x512.jpg 768w, https:\/\/ssr.upm.es\/wp-content\/uploads\/2024\/10\/csm_Felix_Perez_3cf2515856-790x527.jpg 790w\" alt=\"\" title=\"csm_Felix_Perez_3cf2515856\" width=\"768\" height=\"512\"  \/><\/a>\t<\/div>\n<\/div>\n\n\n<div class=\"post-entry-content\">\n\n\t<h3 class=\"entry-title\">\n\t\t<a href=\"https:\/\/ssr.upm.es\/en\/2024\/10\/23\/espacio-de-honor-felix-perez-en-archivo-digital-upm\/\" title=\"Espacio de honor para F\u00e9lix P\u00e9rez en el Archivo Digital UPM\" rel=\"bookmark\">Espacio de honor para F\u00e9lix P\u00e9rez en el Archivo Digital UPM<\/a>\n\t<\/h3>\n\n\t<div class=\"entry-meta\"><span class=\"category-link\"><a href=\"https:\/\/ssr.upm.es\/en\/category\/noticia\/\" >Noticia<\/a>, <a href=\"https:\/\/ssr.upm.es\/en\/category\/reconocimientos\/\" >Reconocimientos<\/a><\/span><a href=\"https:\/\/ssr.upm.es\/en\/2024\/10\/23\/\" title=\"13:30\" class=\"data-link\" rel=\"bookmark\"><time class=\"entry-date updated\" datetime=\"2024-10-23T13:30:34+02:00\">2024-10-23<\/time><\/a><\/div>\n\t<div class=\"entry-excerpt\"><p>&nbsp; El proyecto \u2018Cream of Science\u2019 incorpora la producci\u00f3n cient\u00edfica del profesor em\u00e9rito de la ETSIT junto a una rese\u00f1a biogr\u00e1fica y acontecimientos relevantes de su carrera &nbsp; La producci\u00f3n cient\u00edfica de F\u00e9lix P\u00e9rez Mart\u00ednez, designado profesor em\u00e9rito de la\u00a0Escuela T\u00e9cnica Superior de Ingenieros de Telecomunicaci\u00f3n\u00a0(ETSIT) tras su reciente jubilaci\u00f3n, ocupa ya un espacio de&hellip;<\/p>\n<\/div>\n\t<a href=\"https:\/\/ssr.upm.es\/en\/2024\/10\/23\/espacio-de-honor-felix-perez-en-archivo-digital-upm\/\" class=\"post-details details-type-link\" rel=\"nofollow\">More<i class=\"dt-icon-the7-arrow-03\" aria-hidden=\"true\"><\/i><\/a>\n<\/div><\/article><\/div><div class=\"visible wf-cell\" data-post-id=\"4318\" data-date=\"2024-09-27T15:30:03+02:00\" data-name=\"Tres j\u00f3venes investigadores del SSR distinguidos por la Uni\u00f3n Cient\u00edfica Internacional de Radio\"><article class=\"post project-odd visible post-4318 type-post status-publish format-standard has-post-thumbnail hentry category-noticia category-reconocimientos category-34 category-30\" data-name=\"Tres j\u00f3venes investigadores del SSR distinguidos por la Uni\u00f3n Cient\u00edfica Internacional de Radio\" data-date=\"2024-09-27T15:30:03+02:00\">\n\n<div class=\"post-thumbnail-wrap\">\n\t<div class=\"post-thumbnail\">\n\t\t\n\t\t\n\t\t<a href=\"https:\/\/ssr.upm.es\/en\/2024\/09\/27\/tres-jovenes-investigadores-ssr-distinguidos-por-union-cientifica-internacional-de-radio\/\" class=\"post-thumbnail-rollover layzr-bg layzr-bg\" ><img class=\"iso-lazy-load preload-me iso-lazy-load\" src=\"data:image\/svg+xml,%3Csvg%20xmlns%3D&#39;http%3A%2F%2Fwww.w3.org%2F2000%2Fsvg&#39;%20viewBox%3D&#39;0%200%20768%20512&#39;%2F%3E\" data-src=\"https:\/\/ssr.upm.es\/wp-content\/uploads\/2024\/10\/FotoPremiosURSI_MARIA-GUIJARRO-MAORT-768x512.jpeg\" data-srcset=\"https:\/\/ssr.upm.es\/wp-content\/uploads\/2024\/10\/FotoPremiosURSI_MARIA-GUIJARRO-MAORT-768x512.jpeg 768w, https:\/\/ssr.upm.es\/wp-content\/uploads\/2024\/10\/FotoPremiosURSI_MARIA-GUIJARRO-MAORT-1152x768.jpeg 1152w\" alt=\"\" title=\"FotoPremiosURSI_MARIA GUIJARRO MAORT\" width=\"768\" height=\"512\"  \/><\/a>\t<\/div>\n<\/div>\n\n\n<div class=\"post-entry-content\">\n\n\t<h3 class=\"entry-title\">\n\t\t<a href=\"https:\/\/ssr.upm.es\/en\/2024\/09\/27\/tres-jovenes-investigadores-ssr-distinguidos-por-union-cientifica-internacional-de-radio\/\" title=\"Tres j\u00f3venes investigadores del SSR distinguidos por la Uni\u00f3n Cient\u00edfica Internacional de Radio\" rel=\"bookmark\">Tres j\u00f3venes investigadores del SSR distinguidos por la Uni\u00f3n Cient\u00edfica Internacional de Radio<\/a>\n\t<\/h3>\n\n\t<div class=\"entry-meta\"><span class=\"category-link\"><a href=\"https:\/\/ssr.upm.es\/en\/category\/noticia\/\" >Noticia<\/a>, <a href=\"https:\/\/ssr.upm.es\/en\/category\/reconocimientos\/\" >Reconocimientos<\/a><\/span><a href=\"https:\/\/ssr.upm.es\/en\/2024\/09\/27\/\" title=\"15:30\" class=\"data-link\" rel=\"bookmark\"><time class=\"entry-date updated\" datetime=\"2024-09-27T15:30:03+02:00\">2024-09-27<\/time><\/a><\/div>\n\t<div class=\"entry-excerpt\"><p>&nbsp; Ignacio Sardinero gana un segundo premio en el simposio nacional, mientras que El\u00edas Antolinos y Mar\u00eda Guijarro reciben dos respectivos acc\u00e9sits. &nbsp; Durante la primera semana de septiembre se celebr\u00f3 en Cuenca el XXXIX Simposio Nacional de la Uni\u00f3n Cient\u00edfica Internacional de Radio (URSI), donde el trabajo realizado en los distintos grupos de investigaci\u00f3n&hellip;<\/p>\n<\/div>\n\t<a href=\"https:\/\/ssr.upm.es\/en\/2024\/09\/27\/tres-jovenes-investigadores-ssr-distinguidos-por-union-cientifica-internacional-de-radio\/\" class=\"post-details details-type-link\" rel=\"nofollow\">More<i class=\"dt-icon-the7-arrow-03\" aria-hidden=\"true\"><\/i><\/a>\n<\/div><\/article><\/div><div class=\"visible wf-cell\" data-post-id=\"4280\" data-date=\"2024-07-23T14:11:43+02:00\" data-name=\"Ganadores de la XLIV edici\u00f3n de los Premios a la Excelencia en Ingenier\u00eda de Telecomunicaci\u00f3n del COIT\/AEIT\"><article class=\"post project-odd visible post-4280 type-post status-publish format-standard has-post-thumbnail hentry category-noticia category-reconocimientos category-34 category-30\" data-name=\"Ganadores de la XLIV edici\u00f3n de los Premios a la Excelencia en Ingenier\u00eda de Telecomunicaci\u00f3n del COIT\/AEIT\" data-date=\"2024-07-23T14:11:43+02:00\">\n\n<div class=\"post-thumbnail-wrap\">\n\t<div class=\"post-thumbnail\">\n\t\t\n\t\t\n\t\t<a href=\"https:\/\/ssr.upm.es\/en\/2024\/07\/23\/ganadores-xliv-edicion-premios-excelencia-it-coit-aeit\/\" class=\"post-thumbnail-rollover layzr-bg layzr-bg\" ><img class=\"iso-lazy-load preload-me iso-lazy-load\" src=\"data:image\/svg+xml,%3Csvg%20xmlns%3D&#39;http%3A%2F%2Fwww.w3.org%2F2000%2Fsvg&#39;%20viewBox%3D&#39;0%200%20768%20512&#39;%2F%3E\" data-src=\"https:\/\/ssr.upm.es\/wp-content\/uploads\/2024\/07\/xliv_premios_excelencia_teleco_42_comp-768x512.jpg\" data-srcset=\"https:\/\/ssr.upm.es\/wp-content\/uploads\/2024\/07\/xliv_premios_excelencia_teleco_42_comp-768x512.jpg 768w, https:\/\/ssr.upm.es\/wp-content\/uploads\/2024\/07\/xliv_premios_excelencia_teleco_42_comp-1152x768.jpg 1152w\" alt=\"\" title=\"xliv_premios_excelencia_teleco_42_comp\" width=\"768\" height=\"512\"  \/><\/a>\t<\/div>\n<\/div>\n\n\n<div class=\"post-entry-content\">\n\n\t<h3 class=\"entry-title\">\n\t\t<a href=\"https:\/\/ssr.upm.es\/en\/2024\/07\/23\/ganadores-xliv-edicion-premios-excelencia-it-coit-aeit\/\" title=\"Ganadores de la XLIV edici\u00f3n de los Premios a la Excelencia en Ingenier\u00eda de Telecomunicaci\u00f3n del COIT\/AEIT\" rel=\"bookmark\">Ganadores de la XLIV edici\u00f3n de los Premios a la Excelencia en Ingenier\u00eda de Telecomunicaci\u00f3n del COIT\/AEIT<\/a>\n\t<\/h3>\n\n\t<div class=\"entry-meta\"><span class=\"category-link\"><a href=\"https:\/\/ssr.upm.es\/en\/category\/noticia\/\" >Noticia<\/a>, <a href=\"https:\/\/ssr.upm.es\/en\/category\/reconocimientos\/\" >Reconocimientos<\/a><\/span><a href=\"https:\/\/ssr.upm.es\/en\/2024\/07\/23\/\" title=\"14:11\" class=\"data-link\" rel=\"bookmark\"><time class=\"entry-date updated\" datetime=\"2024-07-23T14:11:43+02:00\">2024-07-23<\/time><\/a><\/div>\n\t<div class=\"entry-excerpt\"><p>V\u00edctor S\u00e1nchez Mart\u00ednez y Samuel Mart\u00ednez Zamacola reciben el premio HISDESAT a la Mejor Tesis Doctoral y Mejor Trabajo Fin de M\u00e1ster de la XLIV edici\u00f3n de los premios COIT\/AEIT a la Excelencia en Ingenier\u00eda de Telecomunicaci\u00f3n. El pasado 14 de junio de 2024, el COIT y la AEIT celebraron la ceremonia de entrega de&hellip;<\/p>\n<\/div>\n\t<a href=\"https:\/\/ssr.upm.es\/en\/2024\/07\/23\/ganadores-xliv-edicion-premios-excelencia-it-coit-aeit\/\" class=\"post-details details-type-link\" rel=\"nofollow\">More<i class=\"dt-icon-the7-arrow-03\" aria-hidden=\"true\"><\/i><\/a>\n<\/div><\/article><\/div><div class=\"visible wf-cell\" data-post-id=\"4227\" data-date=\"2024-07-08T17:04:06+02:00\" data-name=\"Comienza ORION, el proyecto de Horizonte Europa para conseguir la soberan\u00eda tecnol\u00f3gica en plataformas espec\u00edficas de procesamiento digital de se\u00f1ales\"><article class=\"post project-odd visible post-4227 type-post status-publish format-standard has-post-thumbnail hentry category-noticia category-reconocimientos category-34 category-30\" data-name=\"Comienza ORION, el proyecto de Horizonte Europa para conseguir la soberan\u00eda tecnol\u00f3gica en plataformas espec\u00edficas de procesamiento digital de se\u00f1ales\" data-date=\"2024-07-08T17:04:06+02:00\">\n\n<div class=\"post-thumbnail-wrap\">\n\t<div class=\"post-thumbnail\">\n\t\t\n\t\t\n\t\t<a href=\"https:\/\/ssr.upm.es\/en\/2024\/07\/08\/orion-proyecto-de-horizonte-europa\/\" class=\"post-thumbnail-rollover layzr-bg layzr-bg\" ><img class=\"iso-lazy-load preload-me iso-lazy-load\" src=\"data:image\/svg+xml,%3Csvg%20xmlns%3D&#39;http%3A%2F%2Fwww.w3.org%2F2000%2Fsvg&#39;%20viewBox%3D&#39;0%200%20394%20263&#39;%2F%3E\" data-src=\"https:\/\/ssr.upm.es\/wp-content\/uploads\/2024\/07\/Imagen1_MIGUEL-ALEJANDRO-SAL-394x263.jpg\" data-srcset=\"https:\/\/ssr.upm.es\/wp-content\/uploads\/2024\/07\/Imagen1_MIGUEL-ALEJANDRO-SAL-394x263.jpg 394w\" alt=\"\" title=\"Imagen1_MIGUEL ALEJANDRO SAL\" width=\"394\" height=\"263\"  \/><\/a>\t<\/div>\n<\/div>\n\n\n<div class=\"post-entry-content\">\n\n\t<h3 class=\"entry-title\">\n\t\t<a href=\"https:\/\/ssr.upm.es\/en\/2024\/07\/08\/orion-proyecto-de-horizonte-europa\/\" title=\"Comienza ORION, el proyecto de Horizonte Europa para conseguir la soberan\u00eda tecnol\u00f3gica en plataformas espec\u00edficas de procesamiento digital de se\u00f1ales\" rel=\"bookmark\">Comienza ORION, el proyecto de Horizonte Europa para conseguir la soberan\u00eda tecnol\u00f3gica en plataformas espec\u00edficas de procesamiento digital de se\u00f1ales<\/a>\n\t<\/h3>\n\n\t<div class=\"entry-meta\"><span class=\"category-link\"><a href=\"https:\/\/ssr.upm.es\/en\/category\/noticia\/\" >Noticia<\/a>, <a href=\"https:\/\/ssr.upm.es\/en\/category\/reconocimientos\/\" >Reconocimientos<\/a><\/span><a href=\"https:\/\/ssr.upm.es\/en\/2024\/07\/08\/\" title=\"17:04\" class=\"data-link\" rel=\"bookmark\"><time class=\"entry-date updated\" datetime=\"2024-07-08T17:04:06+02:00\">2024-07-08<\/time><\/a><\/div>\n\t<div class=\"entry-excerpt\"><p>Madrid, 01 de Julio de 2024 &#8211; &nbsp; El pasado 16 de Mayo se llev\u00f3 a cabo el Kick-Off Meeting del proyecto ORION (Octo ReconfIgurable cONverter), en el marco de los programas Horizonte Europa de la Comisi\u00f3n Europea. &nbsp; El objetivo del proyecto es el desarrollo de plataformas espec\u00edficas para el procesamiento digital de se\u00f1ales.&hellip;<\/p>\n<\/div>\n\t<a href=\"https:\/\/ssr.upm.es\/en\/2024\/07\/08\/orion-proyecto-de-horizonte-europa\/\" class=\"post-details details-type-link\" rel=\"nofollow\">More<i class=\"dt-icon-the7-arrow-03\" aria-hidden=\"true\"><\/i><\/a>\n<\/div><\/article><\/div><div class=\"visible wf-cell\" data-post-id=\"4217\" data-date=\"2024-05-27T14:51:34+02:00\" data-name=\"GAPS e Indra: Impulsando el Futuro de la Defensa A\u00e9rea Europea\"><article class=\"post project-odd visible post-4217 type-post status-publish format-standard has-post-thumbnail hentry category-noticia category-reconocimientos category-34 category-30\" data-name=\"GAPS e Indra: Impulsando el Futuro de la Defensa A\u00e9rea Europea\" data-date=\"2024-05-27T14:51:34+02:00\">\n\n<div class=\"post-thumbnail-wrap\">\n\t<div class=\"post-thumbnail\">\n\t\t\n\t\t\n\t\t<a href=\"https:\/\/ssr.upm.es\/en\/2024\/05\/27\/gaps-e-indra-impulsando-futuro-defensa-aerea-europea\/\" class=\"post-thumbnail-rollover layzr-bg layzr-bg\" ><img class=\"iso-lazy-load preload-me iso-lazy-load\" src=\"data:image\/svg+xml,%3Csvg%20xmlns%3D&#39;http%3A%2F%2Fwww.w3.org%2F2000%2Fsvg&#39;%20viewBox%3D&#39;0%200%20768%20512&#39;%2F%3E\" data-src=\"https:\/\/ssr.upm.es\/wp-content\/uploads\/2024\/05\/Indra-FCAS_SANTIAGO-LOZA-MORCIL-768x512.jpg\" data-srcset=\"https:\/\/ssr.upm.es\/wp-content\/uploads\/2024\/05\/Indra-FCAS_SANTIAGO-LOZA-MORCIL-768x512.jpg 768w, https:\/\/ssr.upm.es\/wp-content\/uploads\/2024\/05\/Indra-FCAS_SANTIAGO-LOZA-MORCIL-1152x768.jpg 1152w\" alt=\"\" title=\"Indra-FCAS_SANTIAGO LOZA MORCIL\" width=\"768\" height=\"512\"  \/><\/a>\t<\/div>\n<\/div>\n\n\n<div class=\"post-entry-content\">\n\n\t<h3 class=\"entry-title\">\n\t\t<a href=\"https:\/\/ssr.upm.es\/en\/2024\/05\/27\/gaps-e-indra-impulsando-futuro-defensa-aerea-europea\/\" title=\"GAPS e Indra: Impulsando el Futuro de la Defensa A\u00e9rea Europea\" rel=\"bookmark\">GAPS e Indra: Impulsando el Futuro de la Defensa A\u00e9rea Europea<\/a>\n\t<\/h3>\n\n\t<div class=\"entry-meta\"><span class=\"category-link\"><a href=\"https:\/\/ssr.upm.es\/en\/category\/noticia\/\" >Noticia<\/a>, <a href=\"https:\/\/ssr.upm.es\/en\/category\/reconocimientos\/\" >Reconocimientos<\/a><\/span><a href=\"https:\/\/ssr.upm.es\/en\/2024\/05\/27\/\" title=\"14:51\" class=\"data-link\" rel=\"bookmark\"><time class=\"entry-date updated\" datetime=\"2024-05-27T14:51:34+02:00\">2024-05-27<\/time><\/a><\/div>\n\t<div class=\"entry-excerpt\"><p>&nbsp; El GAPS participa activamente con Indra para el desarrollo del Futuro Sistema de Combate A\u00e9reo Europeo &nbsp; El Grupo de Aplicaciones del Procesado de Se\u00f1al (GAPS) se ha sumado con entusiasmo a la colaboraci\u00f3n con Indra para el desarrollo del Futuro Sistema de Combate A\u00e9reo Europeo (FCAS), una empresa ambiciosa que involucra a Espa\u00f1a,&hellip;<\/p>\n<\/div>\n\t<a href=\"https:\/\/ssr.upm.es\/en\/2024\/05\/27\/gaps-e-indra-impulsando-futuro-defensa-aerea-europea\/\" class=\"post-details details-type-link\" rel=\"nofollow\">More<i class=\"dt-icon-the7-arrow-03\" aria-hidden=\"true\"><\/i><\/a>\n<\/div><\/article><\/div><div class=\"visible wf-cell\" data-post-id=\"4204\" data-date=\"2024-03-15T14:32:32+01:00\" data-name=\"A Millimeter-Wave Phased Array-Aided 5G Communication Testbed\"><article class=\"post project-odd visible post-4204 type-post status-publish format-standard has-post-thumbnail hentry category-noticia category-reconocimientos category-34 category-30\" data-name=\"A Millimeter-Wave Phased Array-Aided 5G Communication Testbed\" data-date=\"2024-03-15T14:32:32+01:00\">\n\n<div class=\"post-thumbnail-wrap\">\n\t<div class=\"post-thumbnail\">\n\t\t\n\t\t\n\t\t<a href=\"https:\/\/ssr.upm.es\/en\/2024\/03\/15\/millimeter-wave-phased-array-aided-5g-communication-testbed\/\" class=\"post-thumbnail-rollover layzr-bg layzr-bg\" ><img class=\"iso-lazy-load preload-me iso-lazy-load\" src=\"data:image\/svg+xml,%3Csvg%20xmlns%3D&#39;http%3A%2F%2Fwww.w3.org%2F2000%2Fsvg&#39;%20viewBox%3D&#39;0%200%20768%20512&#39;%2F%3E\" data-src=\"https:\/\/ssr.upm.es\/wp-content\/uploads\/2024\/03\/DISRADIO_Noticia_RANDY-VERDECIA-PENA-1-scaled-768x512.jpg\" data-srcset=\"https:\/\/ssr.upm.es\/wp-content\/uploads\/2024\/03\/DISRADIO_Noticia_RANDY-VERDECIA-PENA-1-scaled-768x512.jpg 768w, https:\/\/ssr.upm.es\/wp-content\/uploads\/2024\/03\/DISRADIO_Noticia_RANDY-VERDECIA-PENA-1-scaled-1152x768.jpg 1152w\" alt=\"\" title=\"DISRADIO_Noticia_RANDY VERDECIA PE\u00d1A\" width=\"768\" height=\"512\"  \/><\/a>\t<\/div>\n<\/div>\n\n\n<div class=\"post-entry-content\">\n\n\t<h3 class=\"entry-title\">\n\t\t<a href=\"https:\/\/ssr.upm.es\/en\/2024\/03\/15\/millimeter-wave-phased-array-aided-5g-communication-testbed\/\" title=\"A Millimeter-Wave Phased Array-Aided 5G Communication Testbed\" rel=\"bookmark\">A Millimeter-Wave Phased Array-Aided 5G Communication Testbed<\/a>\n\t<\/h3>\n\n\t<div class=\"entry-meta\"><span class=\"category-link\"><a href=\"https:\/\/ssr.upm.es\/en\/category\/noticia\/\" >Noticia<\/a>, <a href=\"https:\/\/ssr.upm.es\/en\/category\/reconocimientos\/\" >Reconocimientos<\/a><\/span><a href=\"https:\/\/ssr.upm.es\/en\/2024\/03\/15\/\" title=\"14:32\" class=\"data-link\" rel=\"bookmark\"><time class=\"entry-date updated\" datetime=\"2024-03-15T14:32:32+01:00\">2024-03-15<\/time><\/a><\/div>\n\t<div class=\"entry-excerpt\"><p>&nbsp; Profesores e investigadores de los Grupos de Radiaci\u00f3n y de Microondas y Radar han desarrollado una plataforma hardware basada en FPGA para la validaci\u00f3n e integraci\u00f3n de tecnolog\u00edas 5G en bandas milim\u00e9tricas en el marco del proyecto DISRADIO espec\u00edficamente en el subproyecto TSI-063000-2021-83: \u201cDesarrollo de tecnolog\u00edas de sistemas radiantes y subsistemas de RF reconfigurables&hellip;<\/p>\n<\/div>\n\t<a href=\"https:\/\/ssr.upm.es\/en\/2024\/03\/15\/millimeter-wave-phased-array-aided-5g-communication-testbed\/\" class=\"post-details details-type-link\" rel=\"nofollow\">More<i class=\"dt-icon-the7-arrow-03\" aria-hidden=\"true\"><\/i><\/a>\n<\/div><\/article><\/div><div class=\"visible wf-cell\" data-post-id=\"4126\" data-date=\"2023-12-15T11:19:13+01:00\" data-name=\"Premiada la tesis doctoral de Marta Ferreras, profesora ayudante del SSR\"><article class=\"post project-odd visible post-4126 type-post status-publish format-standard has-post-thumbnail hentry category-reconocimientos category-30\" data-name=\"Premiada la tesis doctoral de Marta Ferreras, profesora ayudante del SSR\" data-date=\"2023-12-15T11:19:13+01:00\">\n\n<div class=\"post-thumbnail-wrap\">\n\t<div class=\"post-thumbnail\">\n\t\t\n\t\t\n\t\t<a href=\"https:\/\/ssr.upm.es\/en\/2023\/12\/15\/premio-marta-ferreras\/\" class=\"post-thumbnail-rollover layzr-bg layzr-bg\" ><img class=\"iso-lazy-load preload-me iso-lazy-load\" src=\"data:image\/svg+xml,%3Csvg%20xmlns%3D&#39;http%3A%2F%2Fwww.w3.org%2F2000%2Fsvg&#39;%20viewBox%3D&#39;0%200%20768%20512&#39;%2F%3E\" data-src=\"https:\/\/ssr.upm.es\/wp-content\/uploads\/2023\/12\/2023-12-Premio-Marta-Ferreras-768x512.jpg\" data-srcset=\"https:\/\/ssr.upm.es\/wp-content\/uploads\/2023\/12\/2023-12-Premio-Marta-Ferreras-768x512.jpg 768w, https:\/\/ssr.upm.es\/wp-content\/uploads\/2023\/12\/2023-12-Premio-Marta-Ferreras-1152x768.jpg 1152w\" alt=\"\" title=\"2023 12 Premio Marta Ferreras\" width=\"768\" height=\"512\"  \/><\/a>\t<\/div>\n<\/div>\n\n\n<div class=\"post-entry-content\">\n\n\t<h3 class=\"entry-title\">\n\t\t<a href=\"https:\/\/ssr.upm.es\/en\/2023\/12\/15\/premio-marta-ferreras\/\" title=\"Premiada la tesis doctoral de Marta Ferreras, profesora ayudante del SSR\" rel=\"bookmark\">Premiada la tesis doctoral de Marta Ferreras, profesora ayudante del SSR<\/a>\n\t<\/h3>\n\n\t<div class=\"entry-meta\"><span class=\"category-link\"><a href=\"https:\/\/ssr.upm.es\/en\/category\/reconocimientos\/\" >Reconocimientos<\/a><\/span><a href=\"https:\/\/ssr.upm.es\/en\/2023\/12\/15\/\" title=\"11:19\" class=\"data-link\" rel=\"bookmark\"><time class=\"entry-date updated\" datetime=\"2023-12-15T11:19:13+01:00\">2023-12-15<\/time><\/a><\/div>\n\t<div class=\"entry-excerpt\"><p>&nbsp; Marta Ferreras Mayo recibe el premio \u201cC\u00e1tedra Ingeniero General D. Antonio Rem\u00f3n Zarco del Valle\u201d a la mejor tesis doctoral presentada en la UPM durante el curso 2022\/2023 en temas tecnol\u00f3gicos relacionados con la defensa y la seguridad. &nbsp; El pasado 11 de diciembre de 2023, tuvo lugar la entrega de la octava edici\u00f3n&hellip;<\/p>\n<\/div>\n\t<a href=\"https:\/\/ssr.upm.es\/en\/2023\/12\/15\/premio-marta-ferreras\/\" class=\"post-details details-type-link\" rel=\"nofollow\">More<i class=\"dt-icon-the7-arrow-03\" aria-hidden=\"true\"><\/i><\/a>\n<\/div><\/article><\/div><div class=\"visible wf-cell\" data-post-id=\"4119\" data-date=\"2023-12-15T11:12:14+01:00\" data-name=\"La IA de los profesores del SSR llega al cine\"><article class=\"post project-odd visible post-4119 type-post status-publish format-standard has-post-thumbnail hentry category-noticia category-reconocimientos category-34 category-30\" data-name=\"La IA de los profesores del SSR llega al cine\" data-date=\"2023-12-15T11:12:14+01:00\">\n\n<div class=\"post-thumbnail-wrap\">\n\t<div class=\"post-thumbnail\">\n\t\t\n\t\t\n\t\t<a href=\"https:\/\/ssr.upm.es\/en\/2023\/12\/15\/ia-profesores-ssr-cine\/\" class=\"post-thumbnail-rollover layzr-bg layzr-bg\" ><img class=\"iso-lazy-load preload-me iso-lazy-load\" src=\"data:image\/svg+xml,%3Csvg%20xmlns%3D&#39;http%3A%2F%2Fwww.w3.org%2F2000%2Fsvg&#39;%20viewBox%3D&#39;0%200%20768%20512&#39;%2F%3E\" data-src=\"https:\/\/ssr.upm.es\/wp-content\/uploads\/2023\/12\/IA_profesores_SSR_cine-768x512.jpg\" data-srcset=\"https:\/\/ssr.upm.es\/wp-content\/uploads\/2023\/12\/IA_profesores_SSR_cine-768x512.jpg 768w, https:\/\/ssr.upm.es\/wp-content\/uploads\/2023\/12\/IA_profesores_SSR_cine-903x602.jpg 903w\" alt=\"\" title=\"IA_profesores_SSR_cine\" width=\"768\" height=\"512\"  \/><\/a>\t<\/div>\n<\/div>\n\n\n<div class=\"post-entry-content\">\n\n\t<h3 class=\"entry-title\">\n\t\t<a href=\"https:\/\/ssr.upm.es\/en\/2023\/12\/15\/ia-profesores-ssr-cine\/\" title=\"La IA de los profesores del SSR llega al cine\" rel=\"bookmark\">La IA de los profesores del SSR llega al cine<\/a>\n\t<\/h3>\n\n\t<div class=\"entry-meta\"><span class=\"category-link\"><a href=\"https:\/\/ssr.upm.es\/en\/category\/noticia\/\" >Noticia<\/a>, <a href=\"https:\/\/ssr.upm.es\/en\/category\/reconocimientos\/\" >Reconocimientos<\/a><\/span><a href=\"https:\/\/ssr.upm.es\/en\/2023\/12\/15\/\" title=\"11:12\" class=\"data-link\" rel=\"bookmark\"><time class=\"entry-date updated\" datetime=\"2023-12-15T11:12:14+01:00\">2023-12-15<\/time><\/a><\/div>\n\t<div class=\"entry-excerpt\"><p>30 noviembre 2023 &nbsp; La tecnolog\u00eda desarrollada por el Grupo de Aplicaciones del Procesado de Se\u00f1al (GAPS) del SSR han sido utilizadas para el primer cortometraje que genera los efectos sonoros mediante inteligencia artificial. &nbsp; En el \u00e1mbito cinematogr\u00e1fico, la selecci\u00f3n de sonidos para las pel\u00edculas suele depender en gran medida del presupuesto disponible para&hellip;<\/p>\n<\/div>\n\t<a href=\"https:\/\/ssr.upm.es\/en\/2023\/12\/15\/ia-profesores-ssr-cine\/\" class=\"post-details details-type-link\" rel=\"nofollow\">More<i class=\"dt-icon-the7-arrow-03\" aria-hidden=\"true\"><\/i><\/a>\n<\/div><\/article><\/div><div class=\"visible wf-cell\" data-post-id=\"4074\" data-date=\"2023-11-02T16:29:52+01:00\" data-name=\"Finaliza con \u00e9xito el proyecto H2020 \u00abARIADNE: Artificial Intelligence Aided D-band Network for 5G Long Term Evolution\u00bb\"><article class=\"post project-odd visible post-4074 type-post status-publish format-standard has-post-thumbnail hentry category-noticia category-reconocimientos category-34 category-30\" data-name=\"Finaliza con \u00e9xito el proyecto H2020 \u00abARIADNE: Artificial Intelligence Aided D-band Network for 5G Long Term Evolution\u00bb\" data-date=\"2023-11-02T16:29:52+01:00\">\n\n<div class=\"post-thumbnail-wrap\">\n\t<div class=\"post-thumbnail\">\n\t\t\n\t\t\n\t\t<a href=\"https:\/\/ssr.upm.es\/en\/2023\/11\/02\/finaliza-con-exito-la-revision-del-proyecto-h2020-ariadne-artificial-intelligence-aided-d-band-network-for-5g-long-term-evolution\/\" class=\"post-thumbnail-rollover layzr-bg layzr-bg\" ><img class=\"iso-lazy-load preload-me iso-lazy-load\" src=\"data:image\/svg+xml,%3Csvg%20xmlns%3D&#39;http%3A%2F%2Fwww.w3.org%2F2000%2Fsvg&#39;%20viewBox%3D&#39;0%200%20460%20307&#39;%2F%3E\" data-src=\"https:\/\/ssr.upm.es\/wp-content\/uploads\/2023\/11\/ARIADNE-460x307.jpg\" data-srcset=\"https:\/\/ssr.upm.es\/wp-content\/uploads\/2023\/11\/ARIADNE-460x307.jpg 460w\" alt=\"\" title=\"ARIADNE\" width=\"460\" height=\"307\"  \/><\/a>\t<\/div>\n<\/div>\n\n\n<div class=\"post-entry-content\">\n\n\t<h3 class=\"entry-title\">\n\t\t<a href=\"https:\/\/ssr.upm.es\/en\/2023\/11\/02\/finaliza-con-exito-la-revision-del-proyecto-h2020-ariadne-artificial-intelligence-aided-d-band-network-for-5g-long-term-evolution\/\" title=\"Finaliza con \u00e9xito el proyecto H2020 \u00abARIADNE: Artificial Intelligence Aided D-band Network for 5G Long Term Evolution\u00bb\" rel=\"bookmark\">Finaliza con \u00e9xito el proyecto H2020 \u00abARIADNE: Artificial Intelligence Aided D-band Network for 5G Long Term Evolution\u00bb<\/a>\n\t<\/h3>\n\n\t<div class=\"entry-meta\"><span class=\"category-link\"><a href=\"https:\/\/ssr.upm.es\/en\/category\/noticia\/\" >Noticia<\/a>, <a href=\"https:\/\/ssr.upm.es\/en\/category\/reconocimientos\/\" >Reconocimientos<\/a><\/span><a href=\"https:\/\/ssr.upm.es\/en\/2023\/11\/02\/\" title=\"16:29\" class=\"data-link\" rel=\"bookmark\"><time class=\"entry-date updated\" datetime=\"2023-11-02T16:29:52+01:00\">2023-11-02<\/time><\/a><\/div>\n\t<div class=\"entry-excerpt\"><p>El proyecto europeo ha tenido como objetivo unir tecnolog\u00edas avanzadas de radio frecuencia y t\u00e9cnicas de inteligencia artificial. En \u00e9l han participado varios profesores e investigadores del SSR. &nbsp; Profesores del Grupo de Electomagnetismo Aplicado (GEA) y del Grupo de Tecnolog\u00edas de la Informaci\u00f3n y las Comunicaciones (GTIC) del SSR han concluido su participaci\u00f3n en&hellip;<\/p>\n<\/div>\n\t<a href=\"https:\/\/ssr.upm.es\/en\/2023\/11\/02\/finaliza-con-exito-la-revision-del-proyecto-h2020-ariadne-artificial-intelligence-aided-d-band-network-for-5g-long-term-evolution\/\" class=\"post-details details-type-link\" rel=\"nofollow\">More<i class=\"dt-icon-the7-arrow-03\" aria-hidden=\"true\"><\/i><\/a>\n<\/div><\/article><\/div><div class=\"visible wf-cell\" data-post-id=\"3101\" data-date=\"2021-04-08T08:14:41+02:00\" data-name=\"El Profesor Ad-Honorem del SSR Francisco Ros impulsa la creaci\u00f3n de un Programa Formativo en tecnolog\u00edas 5G en la ETSIT con el apoyo de Qualcomm\"><article class=\"post project-odd visible post-3101 type-post status-publish format-standard has-post-thumbnail hentry category-becas category-31\" data-name=\"El Profesor Ad-Honorem del SSR Francisco Ros impulsa la creaci\u00f3n de un Programa Formativo en tecnolog\u00edas 5G en la ETSIT con el apoyo de Qualcomm\" data-date=\"2021-04-08T08:14:41+02:00\">\n\n<div class=\"post-thumbnail-wrap\">\n\t<div class=\"post-thumbnail\">\n\t\t\n\t\t\n\t\t<a href=\"https:\/\/ssr.upm.es\/en\/2021\/04\/08\/el-profesor-ad-honorem-del-ssr-francisco-ros-impulsa-la-creacion-de-un-programa-formativo-en-tecnologias-5g-en-la-etsit-con-el-apoyo-de-qualcomm\/\" class=\"post-thumbnail-rollover layzr-bg layzr-bg\" ><img class=\"iso-lazy-load preload-me iso-lazy-load\" src=\"data:image\/svg+xml,%3Csvg%20xmlns%3D&#39;http%3A%2F%2Fwww.w3.org%2F2000%2Fsvg&#39;%20viewBox%3D&#39;0%200%20768%20512&#39;%2F%3E\" data-src=\"https:\/\/ssr.upm.es\/wp-content\/uploads\/2021\/04\/programa-francisco_ros-5g-3-1-1-768x512.jpg\" data-srcset=\"https:\/\/ssr.upm.es\/wp-content\/uploads\/2021\/04\/programa-francisco_ros-5g-3-1-1-768x512.jpg 768w, https:\/\/ssr.upm.es\/wp-content\/uploads\/2021\/04\/programa-francisco_ros-5g-3-1-1.jpg 1000w\" alt=\"\" title=\"programa-francisco_ros-5g-3-1\" width=\"768\" height=\"512\"  \/><\/a>\t<\/div>\n<\/div>\n\n\n<div class=\"post-entry-content\">\n\n\t<h3 class=\"entry-title\">\n\t\t<a href=\"https:\/\/ssr.upm.es\/en\/2021\/04\/08\/el-profesor-ad-honorem-del-ssr-francisco-ros-impulsa-la-creacion-de-un-programa-formativo-en-tecnologias-5g-en-la-etsit-con-el-apoyo-de-qualcomm\/\" title=\"El Profesor Ad-Honorem del SSR Francisco Ros impulsa la creaci\u00f3n de un Programa Formativo en tecnolog\u00edas 5G en la ETSIT con el apoyo de Qualcomm\" rel=\"bookmark\">El Profesor Ad-Honorem del SSR Francisco Ros impulsa la creaci\u00f3n de un Programa Formativo en tecnolog\u00edas 5G en la ETSIT con el apoyo de Qualcomm<\/a>\n\t<\/h3>\n\n\t<div class=\"entry-meta\"><span class=\"category-link\"><a href=\"https:\/\/ssr.upm.es\/en\/category\/becas\/\" >Becas<\/a><\/span><a href=\"https:\/\/ssr.upm.es\/en\/2021\/04\/08\/\" title=\"08:14\" class=\"data-link\" rel=\"bookmark\"><time class=\"entry-date updated\" datetime=\"2021-04-08T08:14:41+02:00\">2021-04-08<\/time><\/a><\/div>\n\t<div class=\"entry-excerpt\"><p>08.04.2021 \u2022 Este programa es fruto de los fondos aportados por Francisco Ros y que surgen como consecuencia de su pertenencia al Consejo de Administraci\u00f3n de la empresa Qualcomm. \u2022 Con este programa Fundetel contribuye a su misi\u00f3n de apoyo a la realizaci\u00f3n de actividades de docencia, investigaci\u00f3n, desarrollo e innovaci\u00f3n. \u2022 La inauguraci\u00f3n del&hellip;<\/p>\n<\/div>\n\t<a href=\"https:\/\/ssr.upm.es\/en\/2021\/04\/08\/el-profesor-ad-honorem-del-ssr-francisco-ros-impulsa-la-creacion-de-un-programa-formativo-en-tecnologias-5g-en-la-etsit-con-el-apoyo-de-qualcomm\/\" class=\"post-details details-type-link\" rel=\"nofollow\">More<i class=\"dt-icon-the7-arrow-03\" aria-hidden=\"true\"><\/i><\/a>\n<\/div><\/article><\/div><div class=\"visible wf-cell\" data-post-id=\"3098\" data-date=\"2021-04-07T11:16:11+02:00\" data-name=\"Manuel Sierra, catedr\u00e1tico del SSR, elegido Director de la ETSIT UPM\"><article class=\"post project-odd visible post-3098 type-post status-publish format-standard has-post-thumbnail hentry category-reconocimientos category-30\" data-name=\"Manuel Sierra, catedr\u00e1tico del SSR, elegido Director de la ETSIT UPM\" data-date=\"2021-04-07T11:16:11+02:00\">\n\n<div class=\"post-thumbnail-wrap\">\n\t<div class=\"post-thumbnail\">\n\t\t\n\t\t\n\t\t<a href=\"https:\/\/ssr.upm.es\/en\/2021\/04\/07\/manuel-sierra-director-etsit-upm\/\" class=\"post-thumbnail-rollover layzr-bg layzr-bg\" ><img class=\"iso-lazy-load preload-me iso-lazy-load\" src=\"data:image\/svg+xml,%3Csvg%20xmlns%3D&#39;http%3A%2F%2Fwww.w3.org%2F2000%2Fsvg&#39;%20viewBox%3D&#39;0%200%20640%20426&#39;%2F%3E\" data-src=\"https:\/\/ssr.upm.es\/wp-content\/uploads\/2021\/04\/Manuel_Sierra_web-640x426.jpg\" data-srcset=\"https:\/\/ssr.upm.es\/wp-content\/uploads\/2021\/04\/Manuel_Sierra_web-640x426.jpg 640w\" alt=\"\" title=\"Manuel_Sierra_web\" width=\"640\" height=\"426\"  \/><\/a>\t<\/div>\n<\/div>\n\n\n<div class=\"post-entry-content\">\n\n\t<h3 class=\"entry-title\">\n\t\t<a href=\"https:\/\/ssr.upm.es\/en\/2021\/04\/07\/manuel-sierra-director-etsit-upm\/\" title=\"Manuel Sierra, catedr\u00e1tico del SSR, elegido Director de la ETSIT UPM\" rel=\"bookmark\">Manuel Sierra, catedr\u00e1tico del SSR, elegido Director de la ETSIT UPM<\/a>\n\t<\/h3>\n\n\t<div class=\"entry-meta\"><span class=\"category-link\"><a href=\"https:\/\/ssr.upm.es\/en\/category\/reconocimientos\/\" >Reconocimientos<\/a><\/span><a href=\"https:\/\/ssr.upm.es\/en\/2021\/04\/07\/\" title=\"11:16\" class=\"data-link\" rel=\"bookmark\"><time class=\"entry-date updated\" datetime=\"2021-04-07T11:16:11+02:00\">2021-04-07<\/time><\/a><\/div>\n\t<div class=\"entry-excerpt\"><p>26.03.2021 La Comisi\u00f3n Electoral de la ETSIT-UPM, en el d\u00eda de hoy, ha procedido a la proclamaci\u00f3n provisional como candidato electo de D. Manuel Sierra Casta\u00f1er. De los votos v\u00e1lidos emitidos, han dado su apoyo al candidato el 98,57% de los estudiantes, el 95,16% de los profesores doctores con vinculaci\u00f3n permanente, el 94,59% de personal&hellip;<\/p>\n<\/div>\n\t<a href=\"https:\/\/ssr.upm.es\/en\/2021\/04\/07\/manuel-sierra-director-etsit-upm\/\" class=\"post-details details-type-link\" rel=\"nofollow\">More<i class=\"dt-icon-the7-arrow-03\" aria-hidden=\"true\"><\/i><\/a>\n<\/div><\/article><\/div><div class=\"visible wf-cell\" data-post-id=\"2729\" data-date=\"2020-10-05T15:28:54+02:00\" data-name=\"F\u00e9lix P\u00e9rez, Ingeniero del a\u00f1o\"><article class=\"post project-odd visible post-2729 type-post status-publish format-standard has-post-thumbnail hentry category-reconocimientos category-30\" data-name=\"F\u00e9lix P\u00e9rez, Ingeniero del a\u00f1o\" data-date=\"2020-10-05T15:28:54+02:00\">\n\n<div class=\"post-thumbnail-wrap\">\n\t<div class=\"post-thumbnail\">\n\t\t\n\t\t\n\t\t<a href=\"https:\/\/ssr.upm.es\/en\/2020\/10\/05\/felix-perez-ingeniero-del-ano\/\" class=\"post-thumbnail-rollover layzr-bg layzr-bg\" ><img class=\"iso-lazy-load preload-me iso-lazy-load\" src=\"data:image\/svg+xml,%3Csvg%20xmlns%3D&#39;http%3A%2F%2Fwww.w3.org%2F2000%2Fsvg&#39;%20viewBox%3D&#39;0%200%20371%20247&#39;%2F%3E\" data-src=\"https:\/\/ssr.upm.es\/wp-content\/uploads\/2020\/10\/felix-371x247.jpg\" data-srcset=\"https:\/\/ssr.upm.es\/wp-content\/uploads\/2020\/10\/felix-371x247.jpg 371w\" alt=\"\" title=\"felix\" width=\"371\" height=\"247\"  \/><\/a>\t<\/div>\n<\/div>\n\n\n<div class=\"post-entry-content\">\n\n\t<h3 class=\"entry-title\">\n\t\t<a href=\"https:\/\/ssr.upm.es\/en\/2020\/10\/05\/felix-perez-ingeniero-del-ano\/\" title=\"F\u00e9lix P\u00e9rez, Ingeniero del a\u00f1o\" rel=\"bookmark\">F\u00e9lix P\u00e9rez, Ingeniero del a\u00f1o<\/a>\n\t<\/h3>\n\n\t<div class=\"entry-meta\"><span class=\"category-link\"><a href=\"https:\/\/ssr.upm.es\/en\/category\/reconocimientos\/\" >Reconocimientos<\/a><\/span><a href=\"https:\/\/ssr.upm.es\/en\/2020\/10\/05\/\" title=\"15:28\" class=\"data-link\" rel=\"bookmark\"><time class=\"entry-date updated\" datetime=\"2020-10-05T15:28:54+02:00\">2020-10-05<\/time><\/a><\/div>\n\t<div class=\"entry-excerpt\"><p>05.10.2020 F\u00e9lix P\u00e9rez Mart\u00ednez, director de la Escuela T\u00e9cnica Superior de Ingenieros de Telecomunicaci\u00f3n de la Universidad Polit\u00e9cnica de Madrid, ha sido elegido ingeniero del a\u00f1o 2020 por el Colegio Oficial de Ingenieros de Telecomunicaci\u00f3n (COIT) y la Asociaci\u00f3n Espa\u00f1ola de Ingenieros de Telecomunicaci\u00f3n (AEIT). Con la concesi\u00f3n de este premio, creado en 1982, las&hellip;<\/p>\n<\/div>\n\t<a href=\"https:\/\/ssr.upm.es\/en\/2020\/10\/05\/felix-perez-ingeniero-del-ano\/\" class=\"post-details details-type-link\" rel=\"nofollow\">More<i class=\"dt-icon-the7-arrow-03\" aria-hidden=\"true\"><\/i><\/a>\n<\/div><\/article><\/div><div class=\"visible wf-cell\" data-post-id=\"2732\" data-date=\"2020-07-29T15:35:29+02:00\" data-name=\"Ganadores de la XL edici\u00f3n de los Premios Ingenieros de Telecomunicaci\u00f3n del COIT\/AEIT\"><article class=\"post project-odd visible post-2732 type-post status-publish format-standard has-post-thumbnail hentry category-reconocimientos category-30\" data-name=\"Ganadores de la XL edici\u00f3n de los Premios Ingenieros de Telecomunicaci\u00f3n del COIT\/AEIT\" data-date=\"2020-07-29T15:35:29+02:00\">\n\n<div class=\"post-thumbnail-wrap\">\n\t<div class=\"post-thumbnail\">\n\t\t\n\t\t\n\t\t<a href=\"https:\/\/ssr.upm.es\/en\/2020\/07\/29\/ganadores-de-la-xl-edicion-de-los-premios-ingenieros-de-telecomunicacion-del-coit-aeit\/\" class=\"post-thumbnail-rollover layzr-bg layzr-bg\" ><img class=\"iso-lazy-load preload-me iso-lazy-load\" src=\"data:image\/svg+xml,%3Csvg%20xmlns%3D&#39;http%3A%2F%2Fwww.w3.org%2F2000%2Fsvg&#39;%20viewBox%3D&#39;0%200%20598%20399&#39;%2F%3E\" data-src=\"https:\/\/ssr.upm.es\/wp-content\/uploads\/2020\/10\/david_baldazo_julio_2020-598x399.jpg\" data-srcset=\"https:\/\/ssr.upm.es\/wp-content\/uploads\/2020\/10\/david_baldazo_julio_2020-598x399.jpg 598w\" alt=\"\" title=\"david_baldazo_julio_2020\" width=\"598\" height=\"399\"  \/><\/a>\t<\/div>\n<\/div>\n\n\n<div class=\"post-entry-content\">\n\n\t<h3 class=\"entry-title\">\n\t\t<a href=\"https:\/\/ssr.upm.es\/en\/2020\/07\/29\/ganadores-de-la-xl-edicion-de-los-premios-ingenieros-de-telecomunicacion-del-coit-aeit\/\" title=\"Ganadores de la XL edici\u00f3n de los Premios Ingenieros de Telecomunicaci\u00f3n del COIT\/AEIT\" rel=\"bookmark\">Ganadores de la XL edici\u00f3n de los Premios Ingenieros de Telecomunicaci\u00f3n del COIT\/AEIT<\/a>\n\t<\/h3>\n\n\t<div class=\"entry-meta\"><span class=\"category-link\"><a href=\"https:\/\/ssr.upm.es\/en\/category\/reconocimientos\/\" >Reconocimientos<\/a><\/span><a href=\"https:\/\/ssr.upm.es\/en\/2020\/07\/29\/\" title=\"15:35\" class=\"data-link\" rel=\"bookmark\"><time class=\"entry-date updated\" datetime=\"2020-07-29T15:35:29+02:00\">2020-07-29<\/time><\/a><\/div>\n\t<div class=\"entry-excerpt\"><p>29.07.2020 El COIT premia tres trabajos realizados en el SSR y la trayectoria acad\u00e9mica de un alumno con vinculaci\u00f3n al Departamento. Imagen: David Baldazo en noviembre de 2019 tras recibir la insignia de oro de la ETSIT como n\u00famero uno de la XCII promoci\u00f3n de ingenieros de telecomunicaci\u00f3n. El jurado, que se reuni\u00f3 el pasado&hellip;<\/p>\n<\/div>\n\t<a href=\"https:\/\/ssr.upm.es\/en\/2020\/07\/29\/ganadores-de-la-xl-edicion-de-los-premios-ingenieros-de-telecomunicacion-del-coit-aeit\/\" class=\"post-details details-type-link\" rel=\"nofollow\">More<i class=\"dt-icon-the7-arrow-03\" aria-hidden=\"true\"><\/i><\/a>\n<\/div><\/article><\/div><\/div><!-- iso-container|iso-grid --><\/div><div class=\"vc_empty_space\"   style=\"height: 55px\"><span class=\"vc_empty_space_inner\"><\/span><\/div>\n\t<div class=\"wpb_raw_code wpb_content_element wpb_raw_html\" >\n\t\t<div class=\"wpb_wrapper\">\n\t\t\t<div>\n\n<div style=\"text-align: center;\">\n<h2>Want to publish a news item?<\/h2>\n<br>\n<p>You can send us your news by filling in the form at the following link: <a href=\"https:\/\/forms.office.com\/Pages\/ResponsePage.aspx?id=Xaj-aiPDcEK2naT7OSfCVDhQRAH2HDNFlOaZSPSop-9UQ0FVVVpKTFc4N0hVSTlIMVdIODhTNEVZRS4u\" target=\"_blank\">Press here<\/a><\/p>\n<\/div>\n\n<\/div>\n\t\t<\/div>\n\t<\/div>\n<\/div><\/div><\/div><\/div>","protected":false},"excerpt":{"rendered":"<p>\u00bfQuieres publicar una noticia? Puedes enviarnos tu noticia rellenando un formulario desde el siguiente link: Pulsa aqu\u00ed<\/p>","protected":false},"author":1,"featured_media":0,"parent":0,"menu_order":65,"comment_status":"closed","ping_status":"closed","template":"","meta":[],"_links":{"self":[{"href":"https:\/\/ssr.upm.es\/en\/wp-json\/wp\/v2\/pages\/303"}],"collection":[{"href":"https:\/\/ssr.upm.es\/en\/wp-json\/wp\/v2\/pages"}],"about":[{"href":"https:\/\/ssr.upm.es\/en\/wp-json\/wp\/v2\/types\/page"}],"author":[{"embeddable":true,"href":"https:\/\/ssr.upm.es\/en\/wp-json\/wp\/v2\/users\/1"}],"replies":[{"embeddable":true,"href":"https:\/\/ssr.upm.es\/en\/wp-json\/wp\/v2\/comments?post=303"}],"version-history":[{"count":15,"href":"https:\/\/ssr.upm.es\/en\/wp-json\/wp\/v2\/pages\/303\/revisions"}],"predecessor-version":[{"id":4152,"href":"https:\/\/ssr.upm.es\/en\/wp-json\/wp\/v2\/pages\/303\/revisions\/4152"}],"wp:attachment":[{"href":"https:\/\/ssr.upm.es\/en\/wp-json\/wp\/v2\/media?parent=303"}],"curies":[{"name":"wp","href":"https:\/\/api.w.org\/{rel}","templated":true}]}}